{"id":177,"date":"2018-02-21T21:25:12","date_gmt":"2018-02-21T20:25:12","guid":{"rendered":"http:\/\/grundschuleimhofgarten.de\/?page_id=177"},"modified":"2021-03-26T09:00:19","modified_gmt":"2021-03-26T08:00:19","slug":"offene-angebote-und-raeume","status":"publish","type":"page","link":"https:\/\/grundschuleimhofgarten.de\/?page_id=177","title":{"rendered":"Unsere R\u00e4ume"},"content":{"rendered":"<p style=\"text-align: left;\">In der Grundschule im Hofgarten ist immer etwas los! Auch am Nachmittag k\u00f6nnen die Kinder ihren Interessen bei vielf\u00e4ltigen Angeboten nachgehen. Zur Verf\u00fcgung stehen beispielsweise &#8230;<\/p>\n<ul>\n<li><span style=\"color: #000000;\">&#8230; ein Bauraum und ein Legoraum zum Bauen, Konstruieren und Spielen,<\/span><\/li>\n<li>&#8230; eine Lernwerkstatt zum Werken und Experimentieren,<\/li>\n<li>&#8230; ein Kreativraum zum Malen, Basteln und N\u00e4hen,<\/li>\n<li>&#8230; eine Bibliothek,<\/li>\n<li>&#8230; eine &#8222;Puppenstube&#8220;,<\/li>\n<li>&#8230; ein Malraum, ein Brettspielraum und ein Stickerraum (Klassenr\u00e4ume in Doppelnutzung)<\/li>\n<li><span style=\"color: #000000;\">&#8230; unsere Au\u00dfenanlagen mit Sportplatz, Garten und Spielger\u00e4ten,<\/span><\/li>\n<li><span style=\"color: #000000;\">&#8230; der Sch\u00fclerclub f\u00fcr die \u00e4lteren Sch\u00fclerinnen und Sch\u00fcler,<\/span><\/li>\n<li>&#8230; eine Sch\u00fclerk\u00fcche<\/li>\n<li><span style=\"color: #000000;\">&#8230; sowie unser Kindercaf\u00e9 zum Essen, Entspannen und Spielen!<\/span><\/li>\n<\/ul>\n<div data-sliderid=\"63662\" id=\"penci-post-gallery__63662\" class=\"penci-post-gallery-container single-slider column-3\" data-height=\"150\" data-margin=\"3\"><div class=\"penci-owl-carousel swiper penci-owl-carousel-slider penci-nav-visible\" data-auto=\"true\" data-lazy=\"true\"><div class=\"swiper-wrapper\"><figure class=\"swiper-slide\"><a class=\"penci-gallery-ite item-gallery-single-slider item-link-relative\" href=\"https:\/\/grundschuleimhofgarten.de\/wp-content\/uploads\/2019\/02\/PSX_20190228_115503.jpg\" data-cap=\"Unsere &quot;Schaltzentrale&quot;: die Schildertafel an der Anmeldung\"><span class=\"penci-isotope-padding\" style=\"padding-bottom:37.52136752%;\"><\/span><img decoding=\"async\" src=\"https:\/\/grundschuleimhofgarten.de\/wp-content\/uploads\/2019\/02\/PSX_20190228_115503-1170x439.jpg\" alt=\"\" title=\"cof_soft\"><\/a><p class=\"penci-single-gallery-captions\">Unsere \"Schaltzentrale\": die Schildertafel an der Anmeldung<\/p><\/figure><figure class=\"swiper-slide\"><a class=\"penci-gallery-ite item-gallery-single-slider item-link-relative\" href=\"https:\/\/grundschuleimhofgarten.de\/wp-content\/uploads\/2019\/02\/IMG_20190228_151500.jpg\" data-cap=\"Treffpunkt im Erdgeschoss: das &quot;Spielecaf\u00e9&quot;\"><span class=\"penci-isotope-padding\" style=\"padding-bottom:51.53846154%;\"><\/span><img decoding=\"async\" src=\"https:\/\/grundschuleimhofgarten.de\/wp-content\/uploads\/2019\/02\/IMG_20190228_151500-1170x603.jpg\" alt=\"\" title=\"IMG_20190228_151500\"><\/a><p class=\"penci-single-gallery-captions\">Treffpunkt im Erdgeschoss: das \"Spielecaf\u00e9\"<\/p><\/figure><figure class=\"swiper-slide\"><a class=\"penci-gallery-ite item-gallery-single-slider item-link-relative\" href=\"https:\/\/grundschuleimhofgarten.de\/wp-content\/uploads\/2019\/02\/IMG_20180504_143605.jpg\" data-cap=\"&quot;Wir bauen eine Stadt&quot; im Bauraum\"><span class=\"penci-isotope-padding\" style=\"padding-bottom:75.04273504%;\"><\/span><img decoding=\"async\" src=\"https:\/\/grundschuleimhofgarten.de\/wp-content\/uploads\/2019\/02\/IMG_20180504_143605-1170x878.jpg\" alt=\"\" title=\"cof\"><\/a><p class=\"penci-single-gallery-captions\">\"Wir bauen eine Stadt\" im Bauraum<\/p><\/figure><figure class=\"swiper-slide\"><a class=\"penci-gallery-ite item-gallery-single-slider item-link-relative\" href=\"https:\/\/grundschuleimhofgarten.de\/wp-content\/uploads\/2019\/02\/IMG_20190228_150619.jpg\" data-cap=\"Immer gut frequentiert: die Lernwerkstatt\"><span class=\"penci-isotope-padding\" style=\"padding-bottom:75.04273504%;\"><\/span><img decoding=\"async\" src=\"https:\/\/grundschuleimhofgarten.de\/wp-content\/uploads\/2019\/02\/IMG_20190228_150619-1170x878.jpg\" alt=\"\" title=\"dav_soft\"><\/a><p class=\"penci-single-gallery-captions\">Immer gut frequentiert: die Lernwerkstatt<\/p><\/figure><figure class=\"swiper-slide\"><a class=\"penci-gallery-ite item-gallery-single-slider item-link-relative\" href=\"https:\/\/grundschuleimhofgarten.de\/wp-content\/uploads\/2019\/02\/IMG_20190228_150215.jpg\" data-cap=\"Projekte und Ideen gehen nie aus in unserem Kreativraum\"><span class=\"penci-isotope-padding\" style=\"padding-bottom:35.81196581%;\"><\/span><img decoding=\"async\" src=\"https:\/\/grundschuleimhofgarten.de\/wp-content\/uploads\/2019\/02\/IMG_20190228_150215-1170x419.jpg\" alt=\"\" title=\"IMG_20190228_150215\"><\/a><p class=\"penci-single-gallery-captions\">Projekte und Ideen gehen nie aus in unserem Kreativraum<\/p><\/figure><figure class=\"swiper-slide\"><a class=\"penci-gallery-ite item-gallery-single-slider item-link-relative\" href=\"https:\/\/grundschuleimhofgarten.de\/wp-content\/uploads\/2019\/02\/IMG_20190228_150035.jpg\" data-cap=\"Heute im Kreativraum: Herstellung von Schuldekoration\"><span class=\"penci-isotope-padding\" style=\"padding-bottom:75.04273504%;\"><\/span><img decoding=\"async\" src=\"https:\/\/grundschuleimhofgarten.de\/wp-content\/uploads\/2019\/02\/IMG_20190228_150035-1170x878.jpg\" alt=\"\" title=\"cof_soft\"><\/a><p class=\"penci-single-gallery-captions\">Heute im Kreativraum: Herstellung von Schuldekoration<\/p><\/figure><figure class=\"swiper-slide\"><a class=\"penci-gallery-ite item-gallery-single-slider item-link-relative\" href=\"https:\/\/grundschuleimhofgarten.de\/wp-content\/uploads\/2019\/02\/IMG_20190228_151018.jpg\" data-cap=\"Zum Sammeln, Tauschen und Spielen mit Stickern, Pokemon und anderen Sammelkarten: der &quot;Stickerraum&quot;\"><span class=\"penci-isotope-padding\" style=\"padding-bottom:75.04273504%;\"><\/span><img decoding=\"async\" src=\"https:\/\/grundschuleimhofgarten.de\/wp-content\/uploads\/2019\/02\/IMG_20190228_151018-1170x878.jpg\" alt=\"\" title=\"mef_soft\"><\/a><p class=\"penci-single-gallery-captions\">Zum Sammeln, Tauschen und Spielen mit Stickern, Pokemon und anderen Sammelkarten: der \"Stickerraum\"<\/p><\/figure><figure class=\"swiper-slide\"><a class=\"penci-gallery-ite item-gallery-single-slider item-link-relative\" href=\"https:\/\/grundschuleimhofgarten.de\/wp-content\/uploads\/2019\/02\/IMG_20190228_151652.jpg\" data-cap=\"Sammelplatz f\u00fcr alle Zeichner, Briefe- und Geschichtenschreiber: der &quot;Malraum&quot;\"><span class=\"penci-isotope-padding\" style=\"padding-bottom:75.04273504%;\"><\/span><img decoding=\"async\" src=\"https:\/\/grundschuleimhofgarten.de\/wp-content\/uploads\/2019\/02\/IMG_20190228_151652-1170x878.jpg\" alt=\"\" title=\"cof_soft\"><\/a><p class=\"penci-single-gallery-captions\">Sammelplatz f\u00fcr alle Zeichner, Briefe- und Geschichtenschreiber: der \"Malraum\"<\/p><\/figure><figure class=\"swiper-slide\"><a class=\"penci-gallery-ite item-gallery-single-slider item-link-relative\" href=\"https:\/\/grundschuleimhofgarten.de\/wp-content\/uploads\/2019\/02\/IMG_20190228_150445.jpg\" data-cap=\"F\u00fcr Rollenspiele und gem\u00fctliches Beisammensein in kleiner Runde: die &quot;Puppenstube&quot;\"><span class=\"penci-isotope-padding\" style=\"padding-bottom:75.04273504%;\"><\/span><img decoding=\"async\" src=\"https:\/\/grundschuleimhofgarten.de\/wp-content\/uploads\/2019\/02\/IMG_20190228_150445-1170x878.jpg\" alt=\"\" title=\"cof_soft\"><\/a><p class=\"penci-single-gallery-captions\">F\u00fcr Rollenspiele und gem\u00fctliches Beisammensein in kleiner Runde: die \"Puppenstube\"<\/p><\/figure><figure class=\"swiper-slide\"><a class=\"penci-gallery-ite item-gallery-single-slider item-link-relative\" href=\"https:\/\/grundschuleimhofgarten.de\/wp-content\/uploads\/2019\/02\/IMG_20190228_145632.jpg\" data-cap=\"Nicht nur f\u00fcr Fans von bunten Steinen: der &quot;Legoraum&quot;\"><span class=\"penci-isotope-padding\" style=\"padding-bottom:75.04273504%;\"><\/span><img decoding=\"async\" src=\"https:\/\/grundschuleimhofgarten.de\/wp-content\/uploads\/2019\/02\/IMG_20190228_145632-1170x878.jpg\" alt=\"\" title=\"ptr\"><\/a><p class=\"penci-single-gallery-captions\">Nicht nur f\u00fcr Fans von bunten Steinen: der \"Legoraum\"<\/p><\/figure><figure class=\"swiper-slide\"><a class=\"penci-gallery-ite item-gallery-single-slider item-link-relative\" href=\"https:\/\/grundschuleimhofgarten.de\/wp-content\/uploads\/2019\/02\/IMG_20190228_145703.jpg\" data-cap=\"Auch Kickern und Billardspielen kann man hier\"><span class=\"penci-isotope-padding\" style=\"padding-bottom:75.04273504%;\"><\/span><img decoding=\"async\" src=\"https:\/\/grundschuleimhofgarten.de\/wp-content\/uploads\/2019\/02\/IMG_20190228_145703-1170x878.jpg\" alt=\"\" title=\"cof_soft\"><\/a><p class=\"penci-single-gallery-captions\">Auch Kickern und Billardspielen kann man hier<\/p><\/figure><figure class=\"swiper-slide\"><a class=\"penci-gallery-ite item-gallery-single-slider item-link-relative\" href=\"https:\/\/grundschuleimhofgarten.de\/wp-content\/uploads\/2019\/02\/IMG_20190228_145740.jpg\" data-cap=\"Der neueste Hit im Legoraum: endlose Kugelbahnen\"><span class=\"penci-isotope-padding\" style=\"padding-bottom:133.33333333%;\"><\/span><img decoding=\"async\" src=\"https:\/\/grundschuleimhofgarten.de\/wp-content\/uploads\/2019\/02\/IMG_20190228_145740-1170x1560.jpg\" alt=\"\" title=\"cof_soft\"><\/a><p class=\"penci-single-gallery-captions\">Der neueste Hit im Legoraum: endlose Kugelbahnen<\/p><\/figure><figure class=\"swiper-slide\"><a class=\"penci-gallery-ite item-gallery-single-slider item-link-relative\" href=\"https:\/\/grundschuleimhofgarten.de\/wp-content\/uploads\/2019\/02\/IMG_20190228_1518581.jpg\" data-cap=\"Nachmittagsaction im winterlichen Garten\"><span class=\"penci-isotope-padding\" style=\"padding-bottom:75.04273504%;\"><\/span><img decoding=\"async\" src=\"https:\/\/grundschuleimhofgarten.de\/wp-content\/uploads\/2019\/02\/IMG_20190228_1518581-1170x878.jpg\" alt=\"\" title=\"cof_soft\"><\/a><p class=\"penci-single-gallery-captions\">Nachmittagsaction im winterlichen Garten<\/p><\/figure><figure class=\"swiper-slide\"><a class=\"penci-gallery-ite item-gallery-single-slider item-link-relative\" href=\"https:\/\/grundschuleimhofgarten.de\/wp-content\/uploads\/2019\/02\/IMG_20190228_145336.jpg\" data-cap=\"Der Spielplatz im Gartenbereich\"><span class=\"penci-isotope-padding\" style=\"padding-bottom:75.04273504%;\"><\/span><img decoding=\"async\" src=\"https:\/\/grundschuleimhofgarten.de\/wp-content\/uploads\/2019\/02\/IMG_20190228_145336-1170x878.jpg\" alt=\"\" title=\"ptr\"><\/a><p class=\"penci-single-gallery-captions\">Der Spielplatz im Gartenbereich<\/p><\/figure><figure class=\"swiper-slide\"><a class=\"penci-gallery-ite item-gallery-single-slider item-link-relative\" href=\"https:\/\/grundschuleimhofgarten.de\/wp-content\/uploads\/2019\/02\/IMG_20190228_145234.jpg\" data-cap=\"Unser Schulhof mit dem Sportplatz am Nachmittag\"><span class=\"penci-isotope-padding\" style=\"padding-bottom:133.33333333%;\"><\/span><img decoding=\"async\" src=\"https:\/\/grundschuleimhofgarten.de\/wp-content\/uploads\/2019\/02\/IMG_20190228_145234-1170x1560.jpg\" alt=\"\" title=\"dav_soft\"><\/a><p class=\"penci-single-gallery-captions\">Unser Schulhof mit dem Sportplatz am Nachmittag<\/p><\/figure><figure class=\"swiper-slide\"><a class=\"penci-gallery-ite item-gallery-single-slider item-link-relative\" href=\"https:\/\/grundschuleimhofgarten.de\/wp-content\/uploads\/2019\/02\/IMG_20190228_145532.jpg\" data-cap=\"Die Ruhe vor dem Sturm im &quot;Clubraum&quot; f\u00fcr Sch\u00fcler der 5. und 6. Klassen\"><span class=\"penci-isotope-padding\" style=\"padding-bottom:75.04273504%;\"><\/span><img decoding=\"async\" src=\"https:\/\/grundschuleimhofgarten.de\/wp-content\/uploads\/2019\/02\/IMG_20190228_145532-1170x878.jpg\" alt=\"\" title=\"ptr\"><\/a><p class=\"penci-single-gallery-captions\">Die Ruhe vor dem Sturm im \"Clubraum\" f\u00fcr Sch\u00fcler der 5. und 6. Klassen<\/p><\/figure><\/div><\/div><\/div>\n","protected":false},"excerpt":{"rendered":"<p>In der Grundschule im Hofgarten ist immer etwas los! Auch am Nachmittag k\u00f6nnen die Kinder ihren Interessen bei vielf\u00e4ltigen Angeboten nachgehen. Zur Verf\u00fcgung stehen beispielsweise &#8230; &#8230; ein Bauraum und&hellip;<\/p>\n","protected":false},"author":38,"featured_media":0,"parent":0,"menu_order":0,"comment_status":"closed","ping_status":"closed","template":"","meta":{"_lmt_disableupdate":"","_lmt_disable":"","footnotes":""},"class_list":["post-177","page","type-page","status-publish","hentry"],"_links":{"self":[{"href":"https:\/\/grundschuleimhofgarten.de\/index.php?rest_route=\/wp\/v2\/pages\/177","targetHints":{"allow":["GET"]}}],"collection":[{"href":"https:\/\/grundschuleimhofgarten.de\/index.php?rest_route=\/wp\/v2\/pages"}],"about":[{"href":"https:\/\/grundschuleimhofgarten.de\/index.php?rest_route=\/wp\/v2\/types\/page"}],"author":[{"embeddable":true,"href":"https:\/\/grundschuleimhofgarten.de\/index.php?rest_route=\/wp\/v2\/users\/38"}],"replies":[{"embeddable":true,"href":"https:\/\/grundschuleimhofgarten.de\/index.php?rest_route=%2Fwp%2Fv2%2Fcomments&post=177"}],"version-history":[{"count":12,"href":"https:\/\/grundschuleimhofgarten.de\/index.php?rest_route=\/wp\/v2\/pages\/177\/revisions"}],"predecessor-version":[{"id":2114,"href":"https:\/\/grundschuleimhofgarten.de\/index.php?rest_route=\/wp\/v2\/pages\/177\/revisions\/2114"}],"wp:attachment":[{"href":"https:\/\/grundschuleimhofgarten.de\/index.php?rest_route=%2Fwp%2Fv2%2Fmedia&parent=177"}],"curies":[{"name":"wp","href":"https:\/\/api.w.org\/{rel}","templated":true}]}}