{"id":403,"date":"2019-02-13T09:06:24","date_gmt":"2019-02-13T08:06:24","guid":{"rendered":"http:\/\/grundschuleimhofgarten.de\/?page_id=403"},"modified":"2019-03-12T18:32:28","modified_gmt":"2019-03-12T17:32:28","slug":"testseite","status":"publish","type":"page","link":"https:\/\/grundschuleimhofgarten.de\/?page_id=403","title":{"rendered":"Datenschutzerkl\u00e4rung"},"content":{"rendered":"<div>\n<p>&nbsp;<\/p>\n<p><strong>Informationen \u00fcber die Verarbeitung personenbezogener Daten<\/strong><\/p>\n<p>Hiermit informieren wir Sie, welche personenbezogenen Daten wir erheben, wof\u00fcr diese ben\u00f6tigt werden, wie wir sie verarbeiten sowie \u00fcber Ihre Rechte nach geltendem Datenschutzrecht.<\/p>\n<p>F\u00fcr R\u00fcckfragen stehen wir Ihnen gerne zur Verf\u00fcgung:<\/p>\n<div class=\"pcrstb-wrap\"><table style=\"height: 182px;\" width=\"595\">\n<tbody>\n<tr style=\"height: 182px;\">\n<td style=\"height: 182px; width: 356.004px;\">&nbsp;<\/p>\n<p><strong>Schulleiter\/in<\/strong><\/p>\n<p>Hans-Ulrich Neuhof (Schulleiter)<\/p>\n<p>schulleitung[at]hofgarten.schule.berlin.de<\/p>\n<p>&nbsp;<\/td>\n<td style=\"height: 182px; width: 363.862px;\"><strong>Datenschutzbeauftragte<\/strong><\/p>\n<p>Ulrich Kompa (Regionaler Datenschutzbeauftragte)<\/td>\n<\/tr>\n<\/tbody>\n<\/table><\/div>\n<p>&nbsp;<\/p>\n<p>F\u00fcr die Datenverarbeitung unterscheiden wir folgende Personengruppen:<br \/>\nSch\u00fclerinnen und Sch\u00fcler, Erziehungsberechtigte, schulisches Personal und externe Personen. Die Daten sind in unserem Verzeichnis der Verarbeitungst\u00e4tigkeiten erfasst.<\/p>\n<p><strong>\u00a0<\/strong><\/p>\n<p><strong>Rechtliche Grundlage der Datenverarbeitung<\/strong><\/p>\n<p>Die Verarbeitung der Daten erfolgt gem\u00e4\u00df Artikel 6 Absatz 1 Datenschutzgrundverordnung (DSGVO) auf der Grundlage von \u00a7 64 Berliner Schulgesetzes<a href=\"#_ftn1\" name=\"_ftnref1\">[1]<\/a> (SchulG). Danach d\u00fcrfen die Schulen personenbezogene Daten von Sch\u00fclerinnen und Sch\u00fclern, ihren Erziehungsberechtigten, Lehrkr\u00e4ften und sonstigen schulischen Mitarbeiterinnen und Mitarbeitern verarbeiten, soweit dies zur Erf\u00fcllung der ihnen durch Rechtsvorschriften zugewiesenen schulbezogenen Aufgaben erforderlich ist. Um welche Daten es sich konkret handelt, wird insbesondere in \u00a7\u00a7 2 bis 8 Schuldatenverordnung<a href=\"#_ftn2\" name=\"_ftnref2\">[2]<\/a> festgelegt.<\/p>\n<p>Personenbezogene Daten, die nicht unter diese Reglungen fallen, erheben und verarbeiten wir nur mit Ihrer <strong>schriftlichen Einwilligung<\/strong>, wie beispielsweise Ihre E-Mail-Adresse oder das Aufnehmen und Verwenden von Fotos und Videos.<\/p>\n<p>&nbsp;<\/p>\n<p><strong>Zweck der Datenverarbeitung<\/strong><\/p>\n<p>Die Datenverarbeitung ist zur Erf\u00fcllung des Bildungs- und Erziehungsauftrages der Schule gem\u00e4\u00df \u00a7\u00a7 1 und 3 SchulG erforderlich. Zweck der Datenverarbeitung ist insbesondere die Verwaltung der Sch\u00fcler- und Leistungsdaten, die Unterrichtsplanung und -gestaltung, das Erstellen von Zeugnissen, F\u00f6rderpl\u00e4nen und Gutachten, Statistiken, die \u00dcberwachung der Schulpflicht, die Kontaktaufnahme mit den Erziehungsberechtigten, Treffen von Erziehungs- und Ordnungsma\u00dfnahmen sowie die Evaluation und Qualit\u00e4tsentwicklung.<\/p>\n<p>Die Erhebung der Staatsangeh\u00f6rigkeit, des Geburtslandes sowie bei nichtdeutschem Geburtsland das Jahr des Zuzuges nach Deutschland erfolgt auf Beschluss der Kultusministerkonferenz und dient statistischen Auswertungen. Die Merkmale \u201enichtdeutsche Herkunftssprache\u201c und \u201eKommunikationssprache in der Familie\u201c werden zur Berechnung der Personalausstattung der Schule verwendet.<\/p>\n<p>&nbsp;<\/p>\n<p><strong>Empf\u00e4nger von personenbezogenen Daten<\/strong><\/p>\n<p>Innerhalb der Schule sind Lehrkr\u00e4fte, p\u00e4dagogisches Personal sowie Mitarbeiterinnen und Mitarbeiter der Schule Empf\u00e4nger von personenbezogenen Daten.<\/p>\n<p>Eine \u00dcbermittlung an Dritte erfolgt nur, wenn dies gesetzlich erlaubt ist oder Sie eingewilligt haben.<\/p>\n<p>Im Rahmen einer gesetzlichen Befugnis \u00fcbermitteln wir regelm\u00e4\u00dfig Daten an die f\u00fcr Bildung zust\u00e4ndige Senatsverwaltung f\u00fcr statistische Zwecke, an die Schulaufsicht zur Aufgabenerf\u00fcllung, an das Schulamt im Rahmen der Aufnahme von Sch\u00fclerinnen und Sch\u00fclern und zur \u00dcberwachung der Schulpflicht, an die aufnehmende Schule bei Schulwechsel, an das Jugendamt und an das Schulpsychologische und inklusionsp\u00e4dagogische Beratungs- und Unterst\u00fctzungszentrum (SiBuZ) zur Kl\u00e4rung der Frage zum sonderp\u00e4dagogischen F\u00f6rderbedarf oder bei Beratungsbedarf der Schule.<\/p>\n<p><strong>\u00a0<\/strong><\/p>\n<p><strong>Dauer der Speicherung<\/strong><\/p>\n<p>Die Aufbewahrungsfristen richten sich nach der Schuldatenverordnung (\u00a7 11 Aufbewahrungsfristen). So bewahren wir Kopien der Abgangs- und Abschlusszeugnisse bzw. Unterlagen zum Nachweis der Schulpflicht 50 Jahre auf; Pr\u00fcfungsunterlagen zehn Jahre; Kurs- und Anwesenheitsnachweise in der gymnasialen Oberstufe f\u00fcnf Jahre; Sch\u00fclerb\u00f6gen werden zwei Jahre nach Ablauf des Schuljahres, in dem die Sch\u00fclerin bzw. der Sch\u00fcler die Berliner Schule verlassen hat, vernichtet, sofern die allgemeinbildende Schule mindestens 10 Jahre lang besucht worden ist. Weitere Informationen finden Sie unter www.egovschool-berlin.de\/datenschutzbriefe \u00e0 9. Anlage Nr. 1.<\/p>\n<p>Personenbezogene Daten, die Lehrkr\u00e4fte mit Genehmigung der Schulleitung auf privateigenen Ger\u00e4ten verarbeiten, werden entsprechend der Schuldatenverordnung gel\u00f6scht, sp\u00e4testens ein Jahr nachdem die Sch\u00fclerin oder der Sch\u00fcler von der Lehrkraft nicht mehr unterrichtet wird.<\/p>\n<p><strong>\u00a0<\/strong><\/p>\n<p><strong>Ihre Rechte als betroffene Person<\/strong><\/p>\n<ol>\n<li>Sie k\u00f6nnen formlos Auskunft dar\u00fcber verlangen, welche personenbezogenen Daten wir \u00fcber Sie zu welchen Zwecken verarbeiten. Erziehungsberechtigte haben Auskunftsrechte \u00fcber die Datenverarbeitung ihrer Kinder.<\/li>\n<li>Sie k\u00f6nnen die Berichtigung fehlerhafter Angaben verlangen.<\/li>\n<li>Sie k\u00f6nnen eine Einwilligung f\u00fcr die Verarbeitung personenbezogener Daten wider-rufen. Durch den Widerruf der Einwilligung wird die Rechtm\u00e4\u00dfigkeit der aufgrund der Einwilligung bis zum Widerruf erfolgten Verarbeitung nicht ber\u00fchrt. Im Falle des Widerrufs werden entsprechende Daten zuk\u00fcnftig nicht mehr durch uns genutzt und unverz\u00fcglich aus unserem Datenbestand gel\u00f6scht.<\/li>\n<li>Sie haben das Recht, sich an die zust\u00e4ndige Aufsichtsbeh\u00f6rde (Berliner Beauftragte f\u00fcr Datenschutz und Informationsfreiheit, Friedrichstr. 219, 10969 Berlin, E-Mail: mailbox@datenschutz-berlin.de) zu wenden.<\/li>\n<\/ol>\n<p><strong>\u00a0<\/strong><\/p>\n<p><strong>Weitergehende Informationen:<\/strong><\/p>\n<p>Schulgesetz des Landes Berlin und Schuldatenverordnung: www.berlin.de\/sen\/bildung\/schule\/rechtsvorschriften<\/p>\n<p>Hinweise zur Umsetzung der EU-Datenschutzgrundverordnung auf der Seite der Berliner Beauftragten f\u00fcr Datenschutz und Informationsfreiheit: www.datenschutz-berlin.de<\/p>\n<p>&nbsp;<\/p>\n<p><a href=\"#_ftnref1\" name=\"_ftn1\">[1]<\/a> http:\/\/gesetze.berlin.de\/jportal\/?quelle=jlink&amp;query=SchulG+BE&amp;psml=bsbeprod.psml&amp;max=true&amp;aiz=true<\/p>\n<p><a href=\"#_ftnref2\" name=\"_ftn2\">[2]<\/a> http:\/\/gesetze.berlin.de\/jportal\/?quelle=jlink&amp;query=SchulG+\u00a75aV+BE&amp;psml=bsbeprod.psml&amp;max=true&amp;aiz=true<\/p>\n<\/div>\n<p>&nbsp;<\/p>\n<p>&nbsp;<\/p>\n<div class=\"row\"><\/div>\n<p style=\"text-align: justify;\">\n","protected":false},"excerpt":{"rendered":"<p>&nbsp; Informationen \u00fcber die Verarbeitung personenbezogener Daten Hiermit informieren wir Sie, welche personenbezogenen Daten wir erheben, wof\u00fcr diese ben\u00f6tigt werden, wie wir sie verarbeiten sowie \u00fcber Ihre Rechte nach geltendem&hellip;<\/p>\n","protected":false},"author":10,"featured_media":0,"parent":0,"menu_order":0,"comment_status":"closed","ping_status":"closed","template":"","meta":{"_lmt_disableupdate":"","_lmt_disable":"","footnotes":""},"class_list":["post-403","page","type-page","status-publish","hentry"],"_links":{"self":[{"href":"https:\/\/grundschuleimhofgarten.de\/index.php?rest_route=\/wp\/v2\/pages\/403","targetHints":{"allow":["GET"]}}],"collection":[{"href":"https:\/\/grundschuleimhofgarten.de\/index.php?rest_route=\/wp\/v2\/pages"}],"about":[{"href":"https:\/\/grundschuleimhofgarten.de\/index.php?rest_route=\/wp\/v2\/types\/page"}],"author":[{"embeddable":true,"href":"https:\/\/grundschuleimhofgarten.de\/index.php?rest_route=\/wp\/v2\/users\/10"}],"replies":[{"embeddable":true,"href":"https:\/\/grundschuleimhofgarten.de\/index.php?rest_route=%2Fwp%2Fv2%2Fcomments&post=403"}],"version-history":[{"count":6,"href":"https:\/\/grundschuleimhofgarten.de\/index.php?rest_route=\/wp\/v2\/pages\/403\/revisions"}],"predecessor-version":[{"id":1943,"href":"https:\/\/grundschuleimhofgarten.de\/index.php?rest_route=\/wp\/v2\/pages\/403\/revisions\/1943"}],"wp:attachment":[{"href":"https:\/\/grundschuleimhofgarten.de\/index.php?rest_route=%2Fwp%2Fv2%2Fmedia&parent=403"}],"curies":[{"name":"wp","href":"https:\/\/api.w.org\/{rel}","templated":true}]}}