{"id":478,"date":"2019-02-18T10:30:14","date_gmt":"2019-02-18T09:30:14","guid":{"rendered":"http:\/\/grundschuleimhofgarten.de\/?page_id=478"},"modified":"2025-09-23T15:21:54","modified_gmt":"2025-09-23T13:21:54","slug":"unser-team","status":"publish","type":"page","link":"https:\/\/grundschuleimhofgarten.de\/?page_id=478","title":{"rendered":"Unser Team"},"content":{"rendered":"<p style=\"text-align: justify;\">An unserer Schule sind jeweils eine Lehrerin bzw. ein Lehrer und eine Erzieherin bzw. ein Erzieher gemeinsam f\u00fcr die Lerngruppen verantwortlich. Unterst\u00fctzt wird ihre Arbeit durch weitere Lehrkr\u00e4fte, Sonderp\u00e4dagoginnen und Sonderp\u00e4dagogen, unserer Integrationserzieherin, Schulhelferinnen, unseren beiden Schulhunden sowie verschiedenen\u00a0<a href=\"https:\/\/grundschuleimhofgarten.de\/?page_id=42\">\u21d2 au\u00dferschulischen Partnern<\/a>.<\/p>\n<p style=\"text-align: justify;\">Zudem setzen wir einen Schwerpunkt in die Ausbildung. Sowohl durch die Studentinnen und Studenten der Praxissemester der Universit\u00e4ten als auch durch die berufsbegleitende Ausbildung von Lehrkr\u00e4ften erhalten auch wir Impulse f\u00fcr eine st\u00e4ndige Weiterentwicklung unserer didaktischen und methodischen Grundlagen.<\/p>\n<p style=\"text-align: right;\"><strong>Das Kunstprojekt: Ein Bild sagt mehr als Tausend Worte &#8230;<\/strong><\/p>\n<p style=\"text-align: justify;\">Unsere Sch\u00fclerinnen und Sch\u00fcler werden in vielen Situationen in die Gestaltung des schulischen Alltags miteinbezogen. So auch bei der Gestaltung dieser Seite. Jedes Kind hatte die Gelegenheit die Erwachsenen zu zeichnen. Frei, nach seinem ganz eigenen Blickwinkel. Das Ergebnis ist ein Spiegel unserer Schule: bunt, vielf\u00e4ltig und lebendig!<\/p>\n<blockquote>\n<p style=\"text-align: justify;\">Ich finde es eine gute Idee unsere Lehrer und Erzieher zu zeichnen. Das Portr\u00e4t eines Menschen spiegelt seine Art wider. Die Leute k\u00f6nnen erkennen, wie wir die Erwachsenen sehen und ob es den Kindern hier Spa\u00df macht.<\/p>\n<\/blockquote>\n<p style=\"text-align: right;\"><span style=\"font-size: 10pt;\"><em>Lilith, 5a &#8211; Fische<\/em><\/span><\/p>\n<div class=\"pcrstb-wrap\"><table style=\"height: 306px;\">\n<thead>\n<tr>\n<td style=\"background-color: #cee1ab;\" colspan=\"6\"><strong>Leitung<\/strong><\/td>\n<\/tr>\n<\/thead>\n<tbody>\n<tr style=\"height: 280px;\">\n<td style=\"height: 280px; width: 221.734375px; text-align: center;\"><strong><a href=\"https:\/\/grundschuleimhofgarten.de\/wp-content\/uploads\/2019\/02\/mitarbeiter_englbrecht.png\" data-rel=\"penci-gallery-image-content\" ><img loading=\"lazy\" decoding=\"async\" class=\"alignnone size-thumbnail wp-image-1765\" src=\"https:\/\/grundschuleimhofgarten.de\/wp-content\/uploads\/2019\/02\/mitarbeiter_englbrecht-150x150.png\" alt=\"\" width=\"150\" height=\"150\" srcset=\"https:\/\/grundschuleimhofgarten.de\/wp-content\/uploads\/2019\/02\/mitarbeiter_englbrecht-150x150.png 150w, https:\/\/grundschuleimhofgarten.de\/wp-content\/uploads\/2019\/02\/mitarbeiter_englbrecht-585x585.png 585w\" sizes=\"auto, (max-width: 150px) 100vw, 150px\" \/><\/a><\/strong><\/p>\n<p><strong>Desiree Englbrecht<\/strong><\/p>\n<p><em>kommissarische Schulleiterin<\/em><\/td>\n<td style=\"height: 280px; width: 243.078125px; text-align: center;\"><a href=\"https:\/\/grundschuleimhofgarten.de\/wp-content\/uploads\/2019\/02\/mitarbeiter_anonym.png\" data-rel=\"penci-gallery-image-content\" ><img loading=\"lazy\" decoding=\"async\" class=\"alignnone size-thumbnail wp-image-1734\" src=\"https:\/\/grundschuleimhofgarten.de\/wp-content\/uploads\/2019\/02\/mitarbeiter_anonym-150x150.png\" alt=\"\" width=\"150\" height=\"150\" srcset=\"https:\/\/grundschuleimhofgarten.de\/wp-content\/uploads\/2019\/02\/mitarbeiter_anonym-150x150.png 150w, https:\/\/grundschuleimhofgarten.de\/wp-content\/uploads\/2019\/02\/mitarbeiter_anonym-300x300.png 300w, https:\/\/grundschuleimhofgarten.de\/wp-content\/uploads\/2019\/02\/mitarbeiter_anonym.png 510w\" sizes=\"auto, (max-width: 150px) 100vw, 150px\" \/><\/a><\/p>\n<p><strong>N.N.<\/strong><\/p>\n<p><em>stellv. SL<\/em><\/td>\n<td style=\"height: 280px; width: 229.21875px; text-align: center;\"><a href=\"https:\/\/grundschuleimhofgarten.de\/wp-content\/uploads\/2019\/02\/mitarbeiter_reschke.png\" data-rel=\"penci-gallery-image-content\" ><img loading=\"lazy\" decoding=\"async\" class=\"alignnone size-thumbnail wp-image-1794\" src=\"https:\/\/grundschuleimhofgarten.de\/wp-content\/uploads\/2019\/02\/mitarbeiter_reschke-150x150.png\" alt=\"\" width=\"150\" height=\"150\" srcset=\"https:\/\/grundschuleimhofgarten.de\/wp-content\/uploads\/2019\/02\/mitarbeiter_reschke-150x150.png 150w, https:\/\/grundschuleimhofgarten.de\/wp-content\/uploads\/2019\/02\/mitarbeiter_reschke-585x585.png 585w\" sizes=\"auto, (max-width: 150px) 100vw, 150px\" \/><\/a><strong>\u00a0<\/strong><\/p>\n<p><strong>D\u00f6rte Reschke<\/strong><\/p>\n<p><em>Koordinierende Erzieherin<\/em><\/td>\n<\/tr>\n<\/tbody>\n<\/table><\/div>\n<div class=\"pcrstb-wrap\"><table style=\"height: 890px; width: 100%;\">\n<tbody>\n<tr style=\"height: 21px;\">\n<td style=\"background-color: #cee1ab; height: 21px; width: 99.858956%;\" colspan=\"6\"><strong>Team 1-3<\/strong><\/td>\n<\/tr>\n<tr style=\"height: 21px;\">\n<td style=\"text-align: center; border-style: none; height: 21px; width: 37.094499%;\" colspan=\"2\"><span style=\"text-decoration: underline;\">Klasse 1a\/Falken<br \/>\n<\/span><\/td>\n<td style=\"text-align: center; border-style: none; height: 21px; width: 31.734837%;\" colspan=\"2\"><span style=\"text-decoration: underline;\">Klasse 1b\/Luchse<br \/>\n<\/span><\/td>\n<td style=\"text-align: center; border-style: none; height: 21px; width: 31.02962%;\" colspan=\"2\"><span style=\"text-decoration: underline;\">Klasse 1c\/Robben<br \/>\n<\/span><\/td>\n<\/tr>\n<tr style=\"height: 132px;\">\n<td style=\"border-style: none; height: 132px; width: 15.091678%;\"><a href=\"https:\/\/grundschuleimhofgarten.de\/wp-content\/uploads\/2019\/02\/mitarbeiter_anonym.png\" data-rel=\"penci-gallery-image-content\" ><img loading=\"lazy\" decoding=\"async\" class=\"alignnone size-thumbnail wp-image-1734\" src=\"https:\/\/grundschuleimhofgarten.de\/wp-content\/uploads\/2019\/02\/mitarbeiter_anonym-150x150.png\" alt=\"\" width=\"150\" height=\"150\" srcset=\"https:\/\/grundschuleimhofgarten.de\/wp-content\/uploads\/2019\/02\/mitarbeiter_anonym-150x150.png 150w, https:\/\/grundschuleimhofgarten.de\/wp-content\/uploads\/2019\/02\/mitarbeiter_anonym-300x300.png 300w, https:\/\/grundschuleimhofgarten.de\/wp-content\/uploads\/2019\/02\/mitarbeiter_anonym.png 510w\" sizes=\"auto, (max-width: 150px) 100vw, 150px\" \/><\/a><\/td>\n<td style=\"border-style: none; height: 132px; width: 22.002821%;\"><strong>Frau Meinhold<\/strong><\/p>\n<p><em>Klassenleitung<\/em><\/td>\n<td style=\"border-style: none; height: 132px; width: 13.540197%;\"><a href=\"https:\/\/grundschuleimhofgarten.de\/wp-content\/uploads\/2023\/09\/mitarbeiter_feodorow.-png-scaled.jpeg\" data-rel=\"penci-gallery-image-content\" ><img loading=\"lazy\" decoding=\"async\" class=\"wp-image-9687 size-thumbnail aligncenter\" src=\"https:\/\/grundschuleimhofgarten.de\/wp-content\/uploads\/2023\/09\/mitarbeiter_feodorow.-png-150x150.jpeg\" alt=\"\" width=\"150\" height=\"150\" srcset=\"https:\/\/grundschuleimhofgarten.de\/wp-content\/uploads\/2023\/09\/mitarbeiter_feodorow.-png-150x150.jpeg 150w, https:\/\/grundschuleimhofgarten.de\/wp-content\/uploads\/2023\/09\/mitarbeiter_feodorow.-png-585x585.jpeg 585w\" sizes=\"auto, (max-width: 150px) 100vw, 150px\" \/><\/a><\/td>\n<td style=\"border-style: none; height: 132px; width: 18.19464%;\"><strong>Frau Feodorow<br \/>\n<\/strong><em>Klassenleitung<\/em><\/td>\n<td style=\"border-style: none; height: 132px; width: 12.976023%;\"><a href=\"https:\/\/grundschuleimhofgarten.de\/wp-content\/uploads\/2019\/02\/mitarbeiter_anonym.png\" data-rel=\"penci-gallery-image-content\" ><img loading=\"lazy\" decoding=\"async\" class=\"alignnone size-thumbnail wp-image-1734\" src=\"https:\/\/grundschuleimhofgarten.de\/wp-content\/uploads\/2019\/02\/mitarbeiter_anonym-150x150.png\" alt=\"\" width=\"150\" height=\"150\" srcset=\"https:\/\/grundschuleimhofgarten.de\/wp-content\/uploads\/2019\/02\/mitarbeiter_anonym-150x150.png 150w, https:\/\/grundschuleimhofgarten.de\/wp-content\/uploads\/2019\/02\/mitarbeiter_anonym-300x300.png 300w, https:\/\/grundschuleimhofgarten.de\/wp-content\/uploads\/2019\/02\/mitarbeiter_anonym.png 510w\" sizes=\"auto, (max-width: 150px) 100vw, 150px\" \/><\/a><\/td>\n<td style=\"border-style: none; height: 132px; width: 18.053597%;\"><strong>Frau Calvano<\/strong><\/p>\n<p><em>Klassenleitung<\/em><\/td>\n<\/tr>\n<tr style=\"height: 132px;\">\n<td style=\"height: 132px; width: 15.091678%;\"><a href=\"https:\/\/grundschuleimhofgarten.de\/wp-content\/uploads\/2019\/02\/mitarbeiter_haeger.png\" data-rel=\"penci-gallery-image-content\" ><img loading=\"lazy\" decoding=\"async\" class=\"alignnone size-thumbnail wp-image-1756\" src=\"https:\/\/grundschuleimhofgarten.de\/wp-content\/uploads\/2019\/02\/mitarbeiter_haeger-150x150.png\" alt=\"Grundschule im Hofgarten\" width=\"150\" height=\"150\" srcset=\"https:\/\/grundschuleimhofgarten.de\/wp-content\/uploads\/2019\/02\/mitarbeiter_haeger-150x150.png 150w, https:\/\/grundschuleimhofgarten.de\/wp-content\/uploads\/2019\/02\/mitarbeiter_haeger-585x585.png 585w\" sizes=\"auto, (max-width: 150px) 100vw, 150px\" \/><\/a><\/td>\n<td style=\"height: 132px; width: 22.002821%;\"><strong>Frau J\u00e4ger<br \/>\n<\/strong><em>Bezugserzieherin<\/em><\/td>\n<td style=\"height: 126px; width: 13.540197%;\"><a href=\"https:\/\/grundschuleimhofgarten.de\/wp-content\/uploads\/2020\/09\/mitarbeiter_maier-farbe.jpg\" data-rel=\"penci-gallery-image-content\" ><img loading=\"lazy\" decoding=\"async\" class=\"alignnone wp-image-6419 size-thumbnail\" src=\"https:\/\/grundschuleimhofgarten.de\/wp-content\/uploads\/2020\/09\/mitarbeiter_maier-150x150.jpg\" alt=\"\" width=\"150\" height=\"150\" \/><\/a><\/td>\n<td style=\"height: 126px; width: 18.19464%;\"><strong>Frau Maier<br \/>\n<\/strong><em>Bezugserzieherin<\/em><\/td>\n<td style=\"height: 126px; width: 12.976023%;\"><a href=\"https:\/\/grundschuleimhofgarten.de\/wp-content\/uploads\/2019\/02\/mitarbeiter_stern.png\" data-rel=\"penci-gallery-image-content\" ><img loading=\"lazy\" decoding=\"async\" class=\"alignnone size-thumbnail wp-image-1761\" src=\"https:\/\/grundschuleimhofgarten.de\/wp-content\/uploads\/2019\/02\/mitarbeiter_stern-150x150.png\" alt=\"\" width=\"150\" height=\"150\" srcset=\"https:\/\/grundschuleimhofgarten.de\/wp-content\/uploads\/2019\/02\/mitarbeiter_stern-150x150.png 150w, https:\/\/grundschuleimhofgarten.de\/wp-content\/uploads\/2019\/02\/mitarbeiter_stern-585x585.png 585w\" sizes=\"auto, (max-width: 150px) 100vw, 150px\" \/><\/a><\/td>\n<td style=\"height: 126px; width: 18.053597%;\"><strong>Frau Stern<\/strong><\/p>\n<p><em>Bezugserzieherin<\/em><\/td>\n<\/tr>\n<tr style=\"height: 21px;\">\n<td style=\"text-align: center; border-style: none; height: 21px; width: 37.094499%;\" colspan=\"2\"><span style=\"text-decoration: underline;\">Klasse 2a\/Falken<br \/>\n<\/span><\/td>\n<td style=\"text-align: center; border-style: none; height: 21px; width: 31.734837%;\" colspan=\"2\"><span style=\"text-decoration: underline;\">Klasse 2b\/Otter<br \/>\n<\/span><\/td>\n<td style=\"text-align: center; border-style: none; height: 21px; width: 31.02962%;\" colspan=\"2\"><span style=\"text-decoration: underline;\">Klasse 2c\/Biber<br \/>\n<\/span><\/td>\n<\/tr>\n<tr style=\"height: 132px;\">\n<td style=\"border-style: none; height: 132px; width: 15.091678%;\"><a href=\"https:\/\/grundschuleimhofgarten.de\/wp-content\/uploads\/2019\/02\/mitarbeiter_rippel.png\" data-rel=\"penci-gallery-image-content\" ><img loading=\"lazy\" decoding=\"async\" class=\"alignnone size-thumbnail wp-image-1743\" src=\"https:\/\/grundschuleimhofgarten.de\/wp-content\/uploads\/2019\/02\/mitarbeiter_rippel-150x150.png\" alt=\"\" width=\"150\" height=\"150\" srcset=\"https:\/\/grundschuleimhofgarten.de\/wp-content\/uploads\/2019\/02\/mitarbeiter_rippel-150x150.png 150w, https:\/\/grundschuleimhofgarten.de\/wp-content\/uploads\/2019\/02\/mitarbeiter_rippel-585x585.png 585w\" sizes=\"auto, (max-width: 150px) 100vw, 150px\" \/><\/a><\/td>\n<td style=\"border-style: none; height: 132px; width: 22.002821%;\"><strong>Frau Rippel<\/strong><\/p>\n<p><em>Klassenleitung<\/em><\/td>\n<td style=\"border-style: none; height: 132px; width: 13.540197%;\"><a href=\"https:\/\/grundschuleimhofgarten.de\/wp-content\/uploads\/2019\/02\/mitarbeiter_anonym.png\" data-rel=\"penci-gallery-image-content\" ><img loading=\"lazy\" decoding=\"async\" class=\"alignnone size-thumbnail wp-image-1734\" src=\"https:\/\/grundschuleimhofgarten.de\/wp-content\/uploads\/2019\/02\/mitarbeiter_anonym-150x150.png\" alt=\"\" width=\"150\" height=\"150\" srcset=\"https:\/\/grundschuleimhofgarten.de\/wp-content\/uploads\/2019\/02\/mitarbeiter_anonym-150x150.png 150w, https:\/\/grundschuleimhofgarten.de\/wp-content\/uploads\/2019\/02\/mitarbeiter_anonym-300x300.png 300w, https:\/\/grundschuleimhofgarten.de\/wp-content\/uploads\/2019\/02\/mitarbeiter_anonym.png 510w\" sizes=\"auto, (max-width: 150px) 100vw, 150px\" \/><\/a><\/td>\n<td style=\"border-style: none; height: 132px; width: 18.19464%;\"><strong>Frau Hentrich<\/strong><\/p>\n<p><em>Klassenleitung<\/em><\/td>\n<td style=\"border-style: none; height: 132px; width: 12.976023%;\"><a href=\"https:\/\/grundschuleimhofgarten.de\/wp-content\/uploads\/2019\/02\/mitarbeiter_rothe.png\" data-rel=\"penci-gallery-image-content\" ><img loading=\"lazy\" decoding=\"async\" class=\"alignnone size-thumbnail wp-image-1759\" src=\"https:\/\/grundschuleimhofgarten.de\/wp-content\/uploads\/2019\/02\/mitarbeiter_rothe-150x150.png\" alt=\"\" width=\"150\" height=\"150\" srcset=\"https:\/\/grundschuleimhofgarten.de\/wp-content\/uploads\/2019\/02\/mitarbeiter_rothe-150x150.png 150w, https:\/\/grundschuleimhofgarten.de\/wp-content\/uploads\/2019\/02\/mitarbeiter_rothe-585x585.png 585w\" sizes=\"auto, (max-width: 150px) 100vw, 150px\" \/><\/a><\/td>\n<td style=\"border-style: none; height: 132px; width: 18.053597%;\"><strong>Frau Rothe<\/strong><\/p>\n<p><em>Klassenleitung<\/em><\/td>\n<\/tr>\n<tr style=\"height: 132px;\">\n<td style=\"height: 132px; width: 15.091678%;\"><a href=\"https:\/\/grundschuleimhofgarten.de\/wp-content\/uploads\/2019\/02\/mitarbeiter_freudenreich.png\" data-rel=\"penci-gallery-image-content\" ><img loading=\"lazy\" decoding=\"async\" class=\"alignnone size-thumbnail wp-image-1755\" src=\"https:\/\/grundschuleimhofgarten.de\/wp-content\/uploads\/2019\/02\/mitarbeiter_freudenreich-150x150.png\" alt=\"\" width=\"150\" height=\"150\" srcset=\"https:\/\/grundschuleimhofgarten.de\/wp-content\/uploads\/2019\/02\/mitarbeiter_freudenreich-150x150.png 150w, https:\/\/grundschuleimhofgarten.de\/wp-content\/uploads\/2019\/02\/mitarbeiter_freudenreich-585x585.png 585w\" sizes=\"auto, (max-width: 150px) 100vw, 150px\" \/><\/a><\/td>\n<td style=\"height: 132px; width: 22.002821%;\"><strong>Frau Freudenreich<br \/>\n<\/strong><em>Bezugserzieherin<\/em><\/td>\n<td style=\"height: 126px; width: 13.540197%;\"><a href=\"https:\/\/grundschuleimhofgarten.de\/wp-content\/uploads\/2019\/02\/mitarbeiter_anonym.png\" data-rel=\"penci-gallery-image-content\" ><img loading=\"lazy\" decoding=\"async\" class=\"alignnone size-thumbnail wp-image-1734\" src=\"https:\/\/grundschuleimhofgarten.de\/wp-content\/uploads\/2019\/02\/mitarbeiter_anonym-150x150.png\" alt=\"\" width=\"150\" height=\"150\" srcset=\"https:\/\/grundschuleimhofgarten.de\/wp-content\/uploads\/2019\/02\/mitarbeiter_anonym-150x150.png 150w, https:\/\/grundschuleimhofgarten.de\/wp-content\/uploads\/2019\/02\/mitarbeiter_anonym-300x300.png 300w, https:\/\/grundschuleimhofgarten.de\/wp-content\/uploads\/2019\/02\/mitarbeiter_anonym.png 510w\" sizes=\"auto, (max-width: 150px) 100vw, 150px\" \/><\/a><\/td>\n<td style=\"height: 126px; width: 18.19464%;\"><strong>Frau Platow<br \/>\n<\/strong><em>Bezugserzieherin<\/em><\/td>\n<td style=\"height: 126px; width: 12.976023%;\"><a href=\"https:\/\/grundschuleimhofgarten.de\/wp-content\/uploads\/2023\/09\/mitarbeiter_proehl-scaled.jpg\" data-rel=\"penci-gallery-image-content\" ><img loading=\"lazy\" decoding=\"async\" class=\"alignright wp-image-9688 size-thumbnail\" src=\"https:\/\/grundschuleimhofgarten.de\/wp-content\/uploads\/2023\/09\/mitarbeiter_proehl-150x150.jpg\" alt=\"\" width=\"150\" height=\"150\" srcset=\"https:\/\/grundschuleimhofgarten.de\/wp-content\/uploads\/2023\/09\/mitarbeiter_proehl-150x150.jpg 150w, https:\/\/grundschuleimhofgarten.de\/wp-content\/uploads\/2023\/09\/mitarbeiter_proehl-585x585.jpg 585w\" sizes=\"auto, (max-width: 150px) 100vw, 150px\" \/><\/a><\/td>\n<td style=\"height: 126px; width: 18.053597%;\"><strong>Frau Proehl<\/strong><\/p>\n<p><em>Bezugserzieherin<\/em><\/td>\n<\/tr>\n<tr style=\"height: 21px;\">\n<td style=\"text-align: center; border-style: none; height: 21px; width: 37.094499%;\" colspan=\"2\"><span style=\"text-decoration: underline;\">Klasse 3a\/Eisv\u00f6gel<\/span><\/td>\n<td style=\"text-align: center; border-style: none; height: 21px; width: 31.734837%;\" colspan=\"2\"><span style=\"text-decoration: underline;\">Klasse 3b\/Schnabeltiere<\/span><\/td>\n<td style=\"text-align: center; border-style: none; height: 21px; width: 31.02962%;\" colspan=\"2\"><span style=\"text-decoration: underline;\">Klasse 3c\/Erdm\u00e4nnchen<\/span><\/td>\n<\/tr>\n<tr style=\"height: 152px;\">\n<td style=\"border-style: none; height: 152px; width: 15.091678%;\"><a href=\"https:\/\/grundschuleimhofgarten.de\/wp-content\/uploads\/2019\/02\/mitarbeiter_anonym.png\" data-rel=\"penci-gallery-image-content\" ><img loading=\"lazy\" decoding=\"async\" class=\"alignnone size-thumbnail wp-image-1734\" src=\"https:\/\/grundschuleimhofgarten.de\/wp-content\/uploads\/2019\/02\/mitarbeiter_anonym-150x150.png\" alt=\"\" width=\"150\" height=\"150\" srcset=\"https:\/\/grundschuleimhofgarten.de\/wp-content\/uploads\/2019\/02\/mitarbeiter_anonym-150x150.png 150w, https:\/\/grundschuleimhofgarten.de\/wp-content\/uploads\/2019\/02\/mitarbeiter_anonym-300x300.png 300w, https:\/\/grundschuleimhofgarten.de\/wp-content\/uploads\/2019\/02\/mitarbeiter_anonym.png 510w\" sizes=\"auto, (max-width: 150px) 100vw, 150px\" \/><\/a><\/td>\n<td style=\"border-style: none; height: 152px; width: 22.002821%;\"><strong>Frau Thasler<\/strong><\/p>\n<p><em>Klassenleitung<\/em><\/td>\n<td style=\"border-style: none; height: 132px; width: 13.540197%;\"><a href=\"https:\/\/grundschuleimhofgarten.de\/wp-content\/uploads\/2019\/02\/mitarbeiter_rusche.png\" data-rel=\"penci-gallery-image-content\" ><img loading=\"lazy\" decoding=\"async\" class=\"alignnone size-thumbnail wp-image-1987\" src=\"https:\/\/grundschuleimhofgarten.de\/wp-content\/uploads\/2019\/02\/mitarbeiter_rusche-150x150.png\" alt=\"\" width=\"150\" height=\"150\" srcset=\"https:\/\/grundschuleimhofgarten.de\/wp-content\/uploads\/2019\/02\/mitarbeiter_rusche-150x150.png 150w, https:\/\/grundschuleimhofgarten.de\/wp-content\/uploads\/2019\/02\/mitarbeiter_rusche-585x585.png 585w\" sizes=\"auto, (max-width: 150px) 100vw, 150px\" \/><\/a><\/td>\n<td style=\"border-style: none; height: 132px; width: 18.19464%;\"><strong>Frau Rusche<\/strong><\/p>\n<p><em>Klassenleitung<\/em><\/td>\n<td style=\"border-style: none; height: 132px; width: 12.976023%;\"><a href=\"https:\/\/grundschuleimhofgarten.de\/wp-content\/uploads\/2019\/02\/mitarbeiter_kretschmer.png\" data-rel=\"penci-gallery-image-content\" ><img loading=\"lazy\" decoding=\"async\" class=\"alignnone size-thumbnail wp-image-1746\" src=\"https:\/\/grundschuleimhofgarten.de\/wp-content\/uploads\/2019\/02\/mitarbeiter_kretschmer-150x150.png\" alt=\"\" width=\"150\" height=\"150\" srcset=\"https:\/\/grundschuleimhofgarten.de\/wp-content\/uploads\/2019\/02\/mitarbeiter_kretschmer-150x150.png 150w, https:\/\/grundschuleimhofgarten.de\/wp-content\/uploads\/2019\/02\/mitarbeiter_kretschmer-585x585.png 585w\" sizes=\"auto, (max-width: 150px) 100vw, 150px\" \/><\/a><\/td>\n<td style=\"border-style: none; height: 132px; width: 18.053597%;\"><strong>Frau Kretschmer<\/strong><\/p>\n<p><em>Klassenleitung<\/em><\/td>\n<\/tr>\n<tr style=\"height: 132px;\">\n<td style=\"height: 132px; width: 15.091678%;\"><a href=\"https:\/\/grundschuleimhofgarten.de\/wp-content\/uploads\/2019\/02\/mitarbeiter_bressel.png\" data-rel=\"penci-gallery-image-content\" ><img loading=\"lazy\" decoding=\"async\" class=\"alignnone size-thumbnail wp-image-1754\" src=\"https:\/\/grundschuleimhofgarten.de\/wp-content\/uploads\/2019\/02\/mitarbeiter_bressel-150x150.png\" alt=\"\" width=\"150\" height=\"150\" srcset=\"https:\/\/grundschuleimhofgarten.de\/wp-content\/uploads\/2019\/02\/mitarbeiter_bressel-150x150.png 150w, https:\/\/grundschuleimhofgarten.de\/wp-content\/uploads\/2019\/02\/mitarbeiter_bressel-585x585.png 585w\" sizes=\"auto, (max-width: 150px) 100vw, 150px\" \/><\/a><\/td>\n<td style=\"height: 132px; width: 22.002821%;\"><b>Herr Bressel<\/b><\/p>\n<p><em>Bezugserzieher<\/em><\/td>\n<td style=\"height: 126px; width: 13.540197%;\"><a href=\"https:\/\/grundschuleimhofgarten.de\/wp-content\/uploads\/2019\/02\/mitarbeiter_bleich.png\" data-rel=\"penci-gallery-image-content\" ><img loading=\"lazy\" decoding=\"async\" class=\"alignnone wp-image-1790 size-thumbnail\" src=\"https:\/\/grundschuleimhofgarten.de\/wp-content\/uploads\/2019\/02\/mitarbeiter_bleich-150x150.png\" alt=\"\" width=\"150\" height=\"150\" srcset=\"https:\/\/grundschuleimhofgarten.de\/wp-content\/uploads\/2019\/02\/mitarbeiter_bleich-150x150.png 150w, https:\/\/grundschuleimhofgarten.de\/wp-content\/uploads\/2019\/02\/mitarbeiter_bleich-585x585.png 585w\" sizes=\"auto, (max-width: 150px) 100vw, 150px\" \/><\/a><\/td>\n<td style=\"height: 126px; width: 18.19464%;\"><strong>Frau Bleich<br \/>\n<\/strong><em>Bezugserzieherin<\/em><\/td>\n<td style=\"height: 126px; width: 12.976023%;\"><a href=\"https:\/\/grundschuleimhofgarten.de\/wp-content\/uploads\/2019\/05\/mitarbeiter_koehler.png\" data-rel=\"penci-gallery-image-content\" ><img loading=\"lazy\" decoding=\"async\" class=\"alignnone size-thumbnail wp-image-3080\" src=\"https:\/\/grundschuleimhofgarten.de\/wp-content\/uploads\/2019\/05\/mitarbeiter_koehler-150x150.png\" alt=\"\" width=\"150\" height=\"150\" \/><\/a><\/td>\n<td style=\"height: 126px; width: 18.053597%;\"><strong>Herr K\u00f6hler<\/strong><\/p>\n<p><em>Bezugserzieher<\/em><\/td>\n<\/tr>\n<\/tbody>\n<\/table><\/div>\n<div class=\"pcrstb-wrap\"><table style=\"height: 770px; width: 100%;\">\n<tbody>\n<tr>\n<td style=\"background-color: #cee1ab; width: 99.350648%;\" colspan=\"6\"><strong>Team 4-6<\/strong><\/td>\n<\/tr>\n<tr>\n<td style=\"text-align: center; border-style: none; width: 36.233766%;\" colspan=\"2\"><span style=\"text-decoration: underline;\">Klasse 4a \/ Kraken<\/span><\/td>\n<td style=\"text-align: center; border-style: none; width: 31.558441%;\" colspan=\"2\"><span style=\"text-decoration: underline;\">Klasse 4b \/Aras<\/span><\/td>\n<td style=\"text-align: center; border-style: none; width: 31.558441%;\" colspan=\"2\"><span style=\"text-decoration: underline;\">Klasse 4c \/ Flederm\u00e4use<br \/>\n<\/span><\/td>\n<\/tr>\n<tr>\n<td style=\"border-style: none; width: 14.155844%;\"><a href=\"https:\/\/grundschuleimhofgarten.de\/wp-content\/uploads\/2019\/02\/mitarbeiter_schurig.png\" data-rel=\"penci-gallery-image-content\" ><img loading=\"lazy\" decoding=\"async\" class=\"aligncenter size-thumbnail wp-image-1795\" src=\"https:\/\/grundschuleimhofgarten.de\/wp-content\/uploads\/2019\/02\/mitarbeiter_schurig-150x150.png\" alt=\"Grundschule im Hofgarten\" width=\"150\" height=\"150\" srcset=\"https:\/\/grundschuleimhofgarten.de\/wp-content\/uploads\/2019\/02\/mitarbeiter_schurig-150x150.png 150w, https:\/\/grundschuleimhofgarten.de\/wp-content\/uploads\/2019\/02\/mitarbeiter_schurig-585x585.png 585w\" sizes=\"auto, (max-width: 150px) 100vw, 150px\" \/><\/a><\/td>\n<td style=\"border-style: none; width: 22.077922%;\"><strong>Herr Schurig<\/strong><\/p>\n<p><em>Klassenleitung<\/em><\/td>\n<td style=\"border-style: none; width: 14.155844%;\"><a href=\"https:\/\/grundschuleimhofgarten.de\/wp-content\/uploads\/2019\/02\/mitarbeiter_thum.png\" data-rel=\"penci-gallery-image-content\" ><img loading=\"lazy\" decoding=\"async\" class=\"alignnone size-thumbnail wp-image-1745\" src=\"https:\/\/grundschuleimhofgarten.de\/wp-content\/uploads\/2019\/02\/mitarbeiter_thum-150x150.png\" alt=\"\" width=\"150\" height=\"150\" srcset=\"https:\/\/grundschuleimhofgarten.de\/wp-content\/uploads\/2019\/02\/mitarbeiter_thum-150x150.png 150w, https:\/\/grundschuleimhofgarten.de\/wp-content\/uploads\/2019\/02\/mitarbeiter_thum-585x585.png 585w\" sizes=\"auto, (max-width: 150px) 100vw, 150px\" \/><\/a><\/td>\n<td style=\"border-style: none; width: 17.402597%;\"><strong>Frau Thum<br \/>\n<\/strong><em>Klassenleitung<\/em><\/td>\n<td style=\"border-style: none; width: 14.155844%;\"><a href=\"https:\/\/grundschuleimhofgarten.de\/wp-content\/uploads\/2019\/02\/mitarbeiter_anonym.png\" data-rel=\"penci-gallery-image-content\" ><img loading=\"lazy\" decoding=\"async\" class=\"alignnone size-thumbnail wp-image-1734\" src=\"https:\/\/grundschuleimhofgarten.de\/wp-content\/uploads\/2019\/02\/mitarbeiter_anonym-150x150.png\" alt=\"\" width=\"150\" height=\"150\" srcset=\"https:\/\/grundschuleimhofgarten.de\/wp-content\/uploads\/2019\/02\/mitarbeiter_anonym-150x150.png 150w, https:\/\/grundschuleimhofgarten.de\/wp-content\/uploads\/2019\/02\/mitarbeiter_anonym-300x300.png 300w, https:\/\/grundschuleimhofgarten.de\/wp-content\/uploads\/2019\/02\/mitarbeiter_anonym.png 510w\" sizes=\"auto, (max-width: 150px) 100vw, 150px\" \/><\/a><\/td>\n<td style=\"border-style: none; width: 17.402597%;\"><strong>Frau Joksch<\/strong><\/p>\n<p><em>Klassenleitung<\/em><\/td>\n<\/tr>\n<tr>\n<td style=\"width: 14.155844%;\"><a href=\"https:\/\/grundschuleimhofgarten.de\/wp-content\/uploads\/2019\/02\/mitarbeiter_grossmann.png\" data-rel=\"penci-gallery-image-content\" ><img loading=\"lazy\" decoding=\"async\" class=\"alignnone size-thumbnail wp-image-1984\" src=\"https:\/\/grundschuleimhofgarten.de\/wp-content\/uploads\/2019\/02\/mitarbeiter_grossmann-150x150.png\" alt=\"\" width=\"150\" height=\"150\" srcset=\"https:\/\/grundschuleimhofgarten.de\/wp-content\/uploads\/2019\/02\/mitarbeiter_grossmann-150x150.png 150w, https:\/\/grundschuleimhofgarten.de\/wp-content\/uploads\/2019\/02\/mitarbeiter_grossmann-585x585.png 585w\" sizes=\"auto, (max-width: 150px) 100vw, 150px\" \/><\/a><\/td>\n<td style=\"width: 22.077922%;\"><strong>Herr Gro\u00dfmann<\/strong><\/p>\n<p><em>Bezugserzieher + 6a<\/em><\/td>\n<td style=\"width: 14.155844%;\"><a href=\"https:\/\/grundschuleimhofgarten.de\/wp-content\/uploads\/2019\/02\/mitarbeiter_anonym.png\" data-rel=\"penci-gallery-image-content\" ><img loading=\"lazy\" decoding=\"async\" class=\"alignnone size-thumbnail wp-image-1734\" src=\"https:\/\/grundschuleimhofgarten.de\/wp-content\/uploads\/2019\/02\/mitarbeiter_anonym-150x150.png\" alt=\"\" width=\"150\" height=\"150\" srcset=\"https:\/\/grundschuleimhofgarten.de\/wp-content\/uploads\/2019\/02\/mitarbeiter_anonym-150x150.png 150w, https:\/\/grundschuleimhofgarten.de\/wp-content\/uploads\/2019\/02\/mitarbeiter_anonym-300x300.png 300w, https:\/\/grundschuleimhofgarten.de\/wp-content\/uploads\/2019\/02\/mitarbeiter_anonym.png 510w\" sizes=\"auto, (max-width: 150px) 100vw, 150px\" \/><\/a><\/td>\n<td style=\"width: 17.402597%;\"><strong>Frau Dullovi<\/strong><\/p>\n<p><em>Bezugserzieherin + 5b<\/em><\/td>\n<td style=\"width: 14.155844%;\"><a href=\"https:\/\/grundschuleimhofgarten.de\/wp-content\/uploads\/2019\/02\/mitarbeiter_rebentisch.png\" data-rel=\"penci-gallery-image-content\" ><img loading=\"lazy\" decoding=\"async\" class=\"alignnone size-thumbnail wp-image-1758\" src=\"https:\/\/grundschuleimhofgarten.de\/wp-content\/uploads\/2019\/02\/mitarbeiter_rebentisch-150x150.png\" alt=\"\" width=\"150\" height=\"150\" srcset=\"https:\/\/grundschuleimhofgarten.de\/wp-content\/uploads\/2019\/02\/mitarbeiter_rebentisch-150x150.png 150w, https:\/\/grundschuleimhofgarten.de\/wp-content\/uploads\/2019\/02\/mitarbeiter_rebentisch-585x585.png 585w\" sizes=\"auto, (max-width: 150px) 100vw, 150px\" \/><\/a><\/td>\n<td style=\"width: 17.402597%;\"><strong>Frau Rebentisch<\/strong><\/p>\n<p><em>Bezugserzieherin<\/em><\/td>\n<\/tr>\n<tr>\n<td style=\"text-align: center; border-style: none; width: 36.233766%;\" colspan=\"2\"><span style=\"text-decoration: underline;\">Klasse 5a \/Leoparden<\/span><\/td>\n<td style=\"text-align: center; border-style: none; width: 31.558441%;\" colspan=\"2\"><span style=\"text-decoration: underline;\">Klasse 5b \/Dachse<\/span><\/td>\n<td style=\"text-align: center; border-style: none; width: 31.558441%;\" colspan=\"2\"><span style=\"text-decoration: underline;\">\u00a0<\/span><\/td>\n<\/tr>\n<tr>\n<td style=\"border-style: none; width: 14.155844%;\"><a href=\"https:\/\/grundschuleimhofgarten.de\/wp-content\/uploads\/2019\/02\/mitarbeiter_kurze.png\" data-rel=\"penci-gallery-image-content\" ><img loading=\"lazy\" decoding=\"async\" class=\"aligncenter size-thumbnail wp-image-1986\" src=\"https:\/\/grundschuleimhofgarten.de\/wp-content\/uploads\/2019\/02\/mitarbeiter_kurze-150x150.png\" alt=\"Grundschule im Hofgarten\" width=\"150\" height=\"150\" srcset=\"https:\/\/grundschuleimhofgarten.de\/wp-content\/uploads\/2019\/02\/mitarbeiter_kurze-150x150.png 150w, https:\/\/grundschuleimhofgarten.de\/wp-content\/uploads\/2019\/02\/mitarbeiter_kurze-585x585.png 585w\" sizes=\"auto, (max-width: 150px) 100vw, 150px\" \/><\/a><\/td>\n<td style=\"border-style: none; width: 22.077922%;\"><strong>Herr Kurze<\/strong><\/p>\n<p><em>Klassenleitung<\/em><\/td>\n<td style=\"border-style: none; width: 14.155844%;\"><a href=\"https:\/\/grundschuleimhofgarten.de\/wp-content\/uploads\/2019\/02\/mitarbeiter_weber.png\" data-rel=\"penci-gallery-image-content\" ><img loading=\"lazy\" decoding=\"async\" class=\"alignnone size-thumbnail wp-image-1796\" src=\"https:\/\/grundschuleimhofgarten.de\/wp-content\/uploads\/2019\/02\/mitarbeiter_weber-150x150.png\" alt=\"\" width=\"150\" height=\"150\" srcset=\"https:\/\/grundschuleimhofgarten.de\/wp-content\/uploads\/2019\/02\/mitarbeiter_weber-150x150.png 150w, https:\/\/grundschuleimhofgarten.de\/wp-content\/uploads\/2019\/02\/mitarbeiter_weber-585x585.png 585w\" sizes=\"auto, (max-width: 150px) 100vw, 150px\" \/><\/a><\/td>\n<td style=\"border-style: none; width: 17.402597%;\"><strong>Frau Kurzawa <\/strong><\/p>\n<p><em>Klassenleitung<\/em><\/td>\n<td style=\"border-style: none; width: 14.155844%;\"><\/td>\n<td style=\"border-style: none; width: 17.402597%;\"><\/td>\n<\/tr>\n<tr>\n<td style=\"width: 14.155844%;\"><a href=\"https:\/\/grundschuleimhofgarten.de\/wp-content\/uploads\/2019\/02\/mitarbeiter_burr.png\" data-rel=\"penci-gallery-image-content\" ><img loading=\"lazy\" decoding=\"async\" class=\"alignnone size-thumbnail wp-image-1786\" src=\"https:\/\/grundschuleimhofgarten.de\/wp-content\/uploads\/2019\/02\/mitarbeiter_burr-150x150.png\" alt=\"\" width=\"150\" height=\"150\" srcset=\"https:\/\/grundschuleimhofgarten.de\/wp-content\/uploads\/2019\/02\/mitarbeiter_burr-150x150.png 150w, https:\/\/grundschuleimhofgarten.de\/wp-content\/uploads\/2019\/02\/mitarbeiter_burr-585x585.png 585w\" sizes=\"auto, (max-width: 150px) 100vw, 150px\" \/><\/a><\/td>\n<td style=\"width: 22.077922%;\"><strong>Frau Burr-Mews<\/strong><\/p>\n<p><em>Bezugserzieherin 5a &amp; 6b<\/em><\/td>\n<td style=\"width: 14.155844%;\"><\/td>\n<td style=\"width: 17.402597%;\">&nbsp;<\/p>\n<p>&nbsp;<\/td>\n<td style=\"width: 14.155844%;\"><\/td>\n<td style=\"width: 17.402597%;\"><\/td>\n<\/tr>\n<tr>\n<td style=\"text-align: center; border-style: none; width: 36.233766%;\" colspan=\"2\"><span style=\"text-decoration: underline;\">Klasse 6a \/Krabben<\/span><\/td>\n<td style=\"text-align: center; border-style: none; width: 31.558441%;\" colspan=\"2\"><span style=\"text-decoration: underline;\">Klasse 6b \/M\u00f6wen<\/span><\/td>\n<td style=\"text-align: center; border-style: none; width: 31.558441%;\" colspan=\"2\"><\/td>\n<\/tr>\n<tr>\n<td style=\"border-style: none; width: 14.155844%;\"><a href=\"https:\/\/grundschuleimhofgarten.de\/wp-content\/uploads\/2019\/02\/mitarbeiter_bellmann-hr.png\" data-rel=\"penci-gallery-image-content\" ><img loading=\"lazy\" decoding=\"async\" class=\"alignnone size-thumbnail wp-image-1739\" src=\"https:\/\/grundschuleimhofgarten.de\/wp-content\/uploads\/2019\/02\/mitarbeiter_bellmann-hr-150x150.png\" alt=\"\" width=\"150\" height=\"150\" srcset=\"https:\/\/grundschuleimhofgarten.de\/wp-content\/uploads\/2019\/02\/mitarbeiter_bellmann-hr-150x150.png 150w, https:\/\/grundschuleimhofgarten.de\/wp-content\/uploads\/2019\/02\/mitarbeiter_bellmann-hr-585x585.png 585w\" sizes=\"auto, (max-width: 150px) 100vw, 150px\" \/><\/a><\/td>\n<td style=\"border-style: none; width: 22.077922%;\"><strong>Herr Bellmann<\/strong><\/p>\n<p><em>Klassenleitung<\/em><\/td>\n<td style=\"border-style: none; width: 14.155844%;\"><a href=\"https:\/\/grundschuleimhofgarten.de\/wp-content\/uploads\/2019\/02\/mitarbeiter_anonym.png\" data-rel=\"penci-gallery-image-content\" ><img loading=\"lazy\" decoding=\"async\" class=\"alignnone size-thumbnail wp-image-1734\" src=\"https:\/\/grundschuleimhofgarten.de\/wp-content\/uploads\/2019\/02\/mitarbeiter_anonym-150x150.png\" alt=\"\" width=\"150\" height=\"150\" srcset=\"https:\/\/grundschuleimhofgarten.de\/wp-content\/uploads\/2019\/02\/mitarbeiter_anonym-150x150.png 150w, https:\/\/grundschuleimhofgarten.de\/wp-content\/uploads\/2019\/02\/mitarbeiter_anonym-300x300.png 300w, https:\/\/grundschuleimhofgarten.de\/wp-content\/uploads\/2019\/02\/mitarbeiter_anonym.png 510w\" sizes=\"auto, (max-width: 150px) 100vw, 150px\" \/><\/a><\/td>\n<td style=\"border-style: none; width: 17.402597%;\"><strong>Frau Kurzawa<\/strong><\/p>\n<p><em>Klassenleitung<\/em><\/td>\n<td style=\"border-style: none; width: 14.155844%;\"><\/td>\n<td style=\"border-style: none; width: 17.402597%;\"><\/td>\n<\/tr>\n<tr>\n<td style=\"width: 14.155844%;\"><\/td>\n<td style=\"width: 22.077922%;\"><\/td>\n<td style=\"width: 14.155844%;\"><\/td>\n<td style=\"width: 17.402597%;\"><\/td>\n<td style=\"border-style: none; width: 14.155844%;\"><\/td>\n<td style=\"border-style: none; width: 17.402597%;\"><\/td>\n<\/tr>\n<tr>\n<td style=\"width: 14.155844%;\"><\/td>\n<td style=\"width: 22.077922%;\"><\/td>\n<td style=\"width: 14.155844%;\"><\/td>\n<td style=\"width: 17.402597%;\"><\/td>\n<td style=\"width: 14.155844%;\"><\/td>\n<td style=\"width: 17.402597%;\"><\/td>\n<\/tr>\n<\/tbody>\n<\/table><\/div>\n<div class=\"pcrstb-wrap\"><table style=\"width: 100%;\">\n<tbody>\n<tr>\n<td style=\"background-color: #cee1ab; width: 102.8573%;\" colspan=\"6\"><strong>Mitarbeiterinnen und Mitarbeiter im p\u00e4dagogischen Bereich<\/strong><\/td>\n<\/tr>\n<tr>\n<td style=\"width: 13.5065%;\"><a href=\"https:\/\/grundschuleimhofgarten.de\/wp-content\/uploads\/2019\/02\/mitarbeiter_breuer.png\" data-rel=\"penci-gallery-image-content\" ><img loading=\"lazy\" decoding=\"async\" class=\"alignnone size-thumbnail wp-image-1791\" src=\"https:\/\/grundschuleimhofgarten.de\/wp-content\/uploads\/2019\/02\/mitarbeiter_breuer-150x150.png\" alt=\"\" width=\"150\" height=\"150\" srcset=\"https:\/\/grundschuleimhofgarten.de\/wp-content\/uploads\/2019\/02\/mitarbeiter_breuer-150x150.png 150w, https:\/\/grundschuleimhofgarten.de\/wp-content\/uploads\/2019\/02\/mitarbeiter_breuer-585x585.png 585w\" sizes=\"auto, (max-width: 150px) 100vw, 150px\" \/><\/a><\/td>\n<td style=\"width: 18.4416%;\"><strong>Frau Breuer<\/strong><\/p>\n<p><em>Sonderp\u00e4dagogik<\/em><\/td>\n<td style=\"width: 13.5065%;\"><a href=\"https:\/\/grundschuleimhofgarten.de\/wp-content\/uploads\/2019\/02\/mitarbeiter_fernando.png\" data-rel=\"penci-gallery-image-content\" ><img loading=\"lazy\" decoding=\"async\" class=\"alignnone size-thumbnail wp-image-1787\" src=\"https:\/\/grundschuleimhofgarten.de\/wp-content\/uploads\/2019\/02\/mitarbeiter_fernando-150x150.png\" alt=\"\" width=\"150\" height=\"150\" srcset=\"https:\/\/grundschuleimhofgarten.de\/wp-content\/uploads\/2019\/02\/mitarbeiter_fernando-150x150.png 150w, https:\/\/grundschuleimhofgarten.de\/wp-content\/uploads\/2019\/02\/mitarbeiter_fernando-585x585.png 585w\" sizes=\"auto, (max-width: 150px) 100vw, 150px\" \/><\/a><\/td>\n<td style=\"width: 21.9481%;\"><strong>Frau <\/strong><b>Fernando<\/b><\/p>\n<p><em>Sport<\/em><\/td>\n<td style=\"border-style: none; width: 13.5065%;\"><a href=\"https:\/\/grundschuleimhofgarten.de\/wp-content\/uploads\/2019\/02\/mitarbeiter_anonym.png\" data-rel=\"penci-gallery-image-content\" ><img loading=\"lazy\" decoding=\"async\" class=\"alignnone size-thumbnail wp-image-1734\" src=\"https:\/\/grundschuleimhofgarten.de\/wp-content\/uploads\/2019\/02\/mitarbeiter_anonym-150x150.png\" alt=\"\" width=\"150\" height=\"150\" srcset=\"https:\/\/grundschuleimhofgarten.de\/wp-content\/uploads\/2019\/02\/mitarbeiter_anonym-150x150.png 150w, https:\/\/grundschuleimhofgarten.de\/wp-content\/uploads\/2019\/02\/mitarbeiter_anonym-300x300.png 300w, https:\/\/grundschuleimhofgarten.de\/wp-content\/uploads\/2019\/02\/mitarbeiter_anonym.png 510w\" sizes=\"auto, (max-width: 150px) 100vw, 150px\" \/><\/a><\/td>\n<td style=\"border-style: none; width: 21.9481%;\"><strong>Frau <\/strong><b>Hartzsch-Thiele<\/b><\/p>\n<p><em>Lebenskunde<\/em><\/td>\n<\/tr>\n<tr>\n<td style=\"border-style: none; width: 13.5065%;\"><a href=\"https:\/\/grundschuleimhofgarten.de\/wp-content\/uploads\/2019\/02\/mitarbeiter_hielscher.png\" data-rel=\"penci-gallery-image-content\" ><img loading=\"lazy\" decoding=\"async\" class=\"alignnone size-thumbnail wp-image-1741\" src=\"https:\/\/grundschuleimhofgarten.de\/wp-content\/uploads\/2019\/02\/mitarbeiter_hielscher-150x150.png\" alt=\"\" width=\"150\" height=\"150\" srcset=\"https:\/\/grundschuleimhofgarten.de\/wp-content\/uploads\/2019\/02\/mitarbeiter_hielscher-150x150.png 150w, https:\/\/grundschuleimhofgarten.de\/wp-content\/uploads\/2019\/02\/mitarbeiter_hielscher-585x585.png 585w\" sizes=\"auto, (max-width: 150px) 100vw, 150px\" \/><\/a><\/td>\n<td style=\"border-style: none; width: 18.4416%;\"><strong>Frau Hielscher<\/strong><\/p>\n<p><em>Willkommensklasse I<\/em><\/td>\n<td style=\"border-style: none; width: 13.5065%;\"><a href=\"https:\/\/grundschuleimhofgarten.de\/wp-content\/uploads\/2019\/02\/mitarbeiter_anonym.png\" data-rel=\"penci-gallery-image-content\" ><img loading=\"lazy\" decoding=\"async\" class=\"alignnone size-thumbnail wp-image-1734\" src=\"https:\/\/grundschuleimhofgarten.de\/wp-content\/uploads\/2019\/02\/mitarbeiter_anonym-150x150.png\" alt=\"\" width=\"150\" height=\"150\" srcset=\"https:\/\/grundschuleimhofgarten.de\/wp-content\/uploads\/2019\/02\/mitarbeiter_anonym-150x150.png 150w, https:\/\/grundschuleimhofgarten.de\/wp-content\/uploads\/2019\/02\/mitarbeiter_anonym-300x300.png 300w, https:\/\/grundschuleimhofgarten.de\/wp-content\/uploads\/2019\/02\/mitarbeiter_anonym.png 510w\" sizes=\"auto, (max-width: 150px) 100vw, 150px\" \/><\/a><\/td>\n<td style=\"border-style: none; width: 21.9481%;\"><strong>Frau Horbatenko<\/strong><\/p>\n<p><em>Tandemlehrkraft Willkommensklasse<\/em><\/td>\n<td style=\"border-style: none; width: 13.5065%;\"><a href=\"https:\/\/grundschuleimhofgarten.de\/wp-content\/uploads\/2019\/02\/mitarbeiter_lacoste.png\" data-rel=\"penci-gallery-image-content\" ><img loading=\"lazy\" decoding=\"async\" class=\"alignnone size-thumbnail wp-image-1792\" src=\"https:\/\/grundschuleimhofgarten.de\/wp-content\/uploads\/2019\/02\/mitarbeiter_lacoste-150x150.png\" alt=\"\" width=\"150\" height=\"150\" srcset=\"https:\/\/grundschuleimhofgarten.de\/wp-content\/uploads\/2019\/02\/mitarbeiter_lacoste-150x150.png 150w, https:\/\/grundschuleimhofgarten.de\/wp-content\/uploads\/2019\/02\/mitarbeiter_lacoste-585x585.png 585w\" sizes=\"auto, (max-width: 150px) 100vw, 150px\" \/><\/a><\/td>\n<td style=\"border-style: none; width: 21.9481%;\"><strong>Frau Lacoste<\/strong><\/p>\n<p><em>Sonderp\u00e4dagogik, Englisch<\/em><\/td>\n<\/tr>\n<tr>\n<td style=\"width: 13.5065%;\"><a href=\"https:\/\/grundschuleimhofgarten.de\/wp-content\/uploads\/2019\/02\/mitarbeiter_otlewski.png\" data-rel=\"penci-gallery-image-content\" ><img loading=\"lazy\" decoding=\"async\" class=\"alignnone size-thumbnail wp-image-1764\" src=\"https:\/\/grundschuleimhofgarten.de\/wp-content\/uploads\/2019\/02\/mitarbeiter_otlewski-150x150.png\" alt=\"\" width=\"150\" height=\"150\" srcset=\"https:\/\/grundschuleimhofgarten.de\/wp-content\/uploads\/2019\/02\/mitarbeiter_otlewski-150x150.png 150w, https:\/\/grundschuleimhofgarten.de\/wp-content\/uploads\/2019\/02\/mitarbeiter_otlewski-585x585.png 585w\" sizes=\"auto, (max-width: 150px) 100vw, 150px\" \/><\/a><\/td>\n<td style=\"width: 18.4416%;\"><strong>Frau Otlewski<\/strong><\/p>\n<p><em>Musik<\/em><\/td>\n<td style=\"width: 13.5065%;\"><a href=\"https:\/\/grundschuleimhofgarten.de\/wp-content\/uploads\/2019\/02\/mitarbeiter_anonym.png\" data-rel=\"penci-gallery-image-content\" ><img loading=\"lazy\" decoding=\"async\" class=\"alignnone size-thumbnail wp-image-1734\" src=\"https:\/\/grundschuleimhofgarten.de\/wp-content\/uploads\/2019\/02\/mitarbeiter_anonym-150x150.png\" alt=\"\" width=\"150\" height=\"150\" srcset=\"https:\/\/grundschuleimhofgarten.de\/wp-content\/uploads\/2019\/02\/mitarbeiter_anonym-150x150.png 150w, https:\/\/grundschuleimhofgarten.de\/wp-content\/uploads\/2019\/02\/mitarbeiter_anonym-300x300.png 300w, https:\/\/grundschuleimhofgarten.de\/wp-content\/uploads\/2019\/02\/mitarbeiter_anonym.png 510w\" sizes=\"auto, (max-width: 150px) 100vw, 150px\" \/><\/a><\/td>\n<td style=\"width: 21.9481%;\"><strong>Frau Paterok<\/strong><\/p>\n<p><em>Lebenskunde<\/em><\/td>\n<td style=\"width: 13.5065%;\"><a href=\"https:\/\/grundschuleimhofgarten.de\/wp-content\/uploads\/2019\/02\/mitarbeiter_straube.png\" data-rel=\"penci-gallery-image-content\" ><img loading=\"lazy\" decoding=\"async\" class=\"alignnone size-thumbnail wp-image-1988\" src=\"https:\/\/grundschuleimhofgarten.de\/wp-content\/uploads\/2019\/02\/mitarbeiter_straube-150x150.png\" alt=\"\" width=\"150\" height=\"150\" srcset=\"https:\/\/grundschuleimhofgarten.de\/wp-content\/uploads\/2019\/02\/mitarbeiter_straube-150x150.png 150w, https:\/\/grundschuleimhofgarten.de\/wp-content\/uploads\/2019\/02\/mitarbeiter_straube-585x585.png 585w\" sizes=\"auto, (max-width: 150px) 100vw, 150px\" \/><\/a><\/td>\n<td style=\"width: 21.9481%;\"><strong>Frau Straube<\/strong><\/p>\n<p><em>Englisch, WK II<\/em><\/td>\n<\/tr>\n<tr>\n<td style=\"width: 13.5065%;\"><a href=\"https:\/\/grundschuleimhofgarten.de\/wp-content\/uploads\/2019\/02\/mitarbeiter_anonym.png\" data-rel=\"penci-gallery-image-content\" ><img loading=\"lazy\" decoding=\"async\" class=\"alignnone size-thumbnail wp-image-1734\" src=\"https:\/\/grundschuleimhofgarten.de\/wp-content\/uploads\/2019\/02\/mitarbeiter_anonym-150x150.png\" alt=\"\" width=\"150\" height=\"150\" srcset=\"https:\/\/grundschuleimhofgarten.de\/wp-content\/uploads\/2019\/02\/mitarbeiter_anonym-150x150.png 150w, https:\/\/grundschuleimhofgarten.de\/wp-content\/uploads\/2019\/02\/mitarbeiter_anonym-300x300.png 300w, https:\/\/grundschuleimhofgarten.de\/wp-content\/uploads\/2019\/02\/mitarbeiter_anonym.png 510w\" sizes=\"auto, (max-width: 150px) 100vw, 150px\" \/><\/a><\/td>\n<td style=\"width: 18.4416%;\"><b>Herr Wieland<\/b><\/p>\n<p><em>Referendar Ma, De, SU\/NaWi<\/em><\/td>\n<td style=\"border-style: none; width: 13.5065%;\"><a href=\"https:\/\/grundschuleimhofgarten.de\/wp-content\/uploads\/2019\/02\/mitarbeiter_vonwissel.png\" data-rel=\"penci-gallery-image-content\" ><img loading=\"lazy\" decoding=\"async\" class=\"alignnone size-thumbnail wp-image-1749\" src=\"https:\/\/grundschuleimhofgarten.de\/wp-content\/uploads\/2019\/02\/mitarbeiter_vonwissel-150x150.png\" alt=\"\" width=\"150\" height=\"150\" srcset=\"https:\/\/grundschuleimhofgarten.de\/wp-content\/uploads\/2019\/02\/mitarbeiter_vonwissel-150x150.png 150w, https:\/\/grundschuleimhofgarten.de\/wp-content\/uploads\/2019\/02\/mitarbeiter_vonwissel-585x585.png 585w\" sizes=\"auto, (max-width: 150px) 100vw, 150px\" \/><\/a><\/td>\n<td style=\"border-style: none; width: 21.9481%;\"><strong>Frau von Wissel<\/strong><\/p>\n<p><i>Kunst<\/i><\/td>\n<td style=\"width: 13.5065%;\"><a href=\"https:\/\/grundschuleimhofgarten.de\/wp-content\/uploads\/2019\/02\/mitarbeiter_wunderlich.png\" data-rel=\"penci-gallery-image-content\" ><img loading=\"lazy\" decoding=\"async\" class=\"alignnone size-thumbnail wp-image-1762\" src=\"https:\/\/grundschuleimhofgarten.de\/wp-content\/uploads\/2019\/02\/mitarbeiter_wunderlich-150x150.png\" alt=\"\" width=\"150\" height=\"150\" srcset=\"https:\/\/grundschuleimhofgarten.de\/wp-content\/uploads\/2019\/02\/mitarbeiter_wunderlich-150x150.png 150w, https:\/\/grundschuleimhofgarten.de\/wp-content\/uploads\/2019\/02\/mitarbeiter_wunderlich-585x585.png 585w\" sizes=\"auto, (max-width: 150px) 100vw, 150px\" \/><\/a><\/td>\n<td style=\"width: 21.9481%;\"><strong>Frau Wunderlich<\/strong><\/p>\n<p><em>Erzieherin<\/em><\/td>\n<\/tr>\n<tr>\n<td style=\"border-style: none; width: 13.5065%;\"><a href=\"https:\/\/grundschuleimhofgarten.de\/wp-content\/uploads\/2019\/02\/mitarbeiter_zander.png\" data-rel=\"penci-gallery-image-content\" ><img loading=\"lazy\" decoding=\"async\" class=\"alignnone size-thumbnail wp-image-1763\" src=\"https:\/\/grundschuleimhofgarten.de\/wp-content\/uploads\/2019\/02\/mitarbeiter_zander-150x150.png\" alt=\"\" width=\"150\" height=\"150\" srcset=\"https:\/\/grundschuleimhofgarten.de\/wp-content\/uploads\/2019\/02\/mitarbeiter_zander-150x150.png 150w, https:\/\/grundschuleimhofgarten.de\/wp-content\/uploads\/2019\/02\/mitarbeiter_zander-585x585.png 585w\" sizes=\"auto, (max-width: 150px) 100vw, 150px\" \/><\/a><\/td>\n<td style=\"border-style: none; width: 18.4416%;\"><strong>Frau Zander<\/strong><\/p>\n<p><em>Kunst<\/em><\/td>\n<td style=\"width: 13.5065%;\"><a href=\"https:\/\/grundschuleimhofgarten.de\/wp-content\/uploads\/2023\/09\/mitarbeiter_zerbe-scaled.jpg\" data-rel=\"penci-gallery-image-content\" ><img loading=\"lazy\" decoding=\"async\" class=\"alignright wp-image-9689 size-thumbnail\" src=\"https:\/\/grundschuleimhofgarten.de\/wp-content\/uploads\/2023\/09\/mitarbeiter_zerbe-150x150.jpg\" alt=\"\" width=\"150\" height=\"150\" srcset=\"https:\/\/grundschuleimhofgarten.de\/wp-content\/uploads\/2023\/09\/mitarbeiter_zerbe-150x150.jpg 150w, https:\/\/grundschuleimhofgarten.de\/wp-content\/uploads\/2023\/09\/mitarbeiter_zerbe-585x585.jpg 585w\" sizes=\"auto, (max-width: 150px) 100vw, 150px\" \/><\/a><\/td>\n<td style=\"width: 21.9481%;\"><strong>Frau Zerbe<\/strong><\/p>\n<p><em>SU, GeWi<\/em><\/td>\n<td style=\"width: 13.5065%;\"><\/td>\n<td style=\"width: 21.9481%;\">&nbsp;<\/p>\n<p>&nbsp;<\/td>\n<\/tr>\n<tr>\n<td style=\"width: 13.5065%;\"><a href=\"https:\/\/grundschuleimhofgarten.de\/wp-content\/uploads\/2019\/02\/mitarbeiter_anonym.png\" data-rel=\"penci-gallery-image-content\" ><img loading=\"lazy\" decoding=\"async\" class=\"alignnone size-thumbnail wp-image-1734\" src=\"https:\/\/grundschuleimhofgarten.de\/wp-content\/uploads\/2019\/02\/mitarbeiter_anonym-150x150.png\" alt=\"\" width=\"150\" height=\"150\" srcset=\"https:\/\/grundschuleimhofgarten.de\/wp-content\/uploads\/2019\/02\/mitarbeiter_anonym-150x150.png 150w, https:\/\/grundschuleimhofgarten.de\/wp-content\/uploads\/2019\/02\/mitarbeiter_anonym-300x300.png 300w, https:\/\/grundschuleimhofgarten.de\/wp-content\/uploads\/2019\/02\/mitarbeiter_anonym.png 510w\" sizes=\"auto, (max-width: 150px) 100vw, 150px\" \/><\/a><\/td>\n<td style=\"width: 18.4416%;\"><b>Herr Schuldt<\/b><\/p>\n<p><em>Schulsozialarbeit<\/em><\/td>\n<td style=\"width: 13.5065%;\"><\/td>\n<td style=\"width: 21.9481%;\"><\/td>\n<td style=\"width: 13.5065%;\"><\/td>\n<td style=\"width: 21.9481%;\"><\/td>\n<\/tr>\n<tr>\n<td style=\"width: 13.5065%;\"><\/td>\n<td style=\"width: 18.4416%;\"><\/td>\n<td style=\"width: 13.5065%;\"><\/td>\n<td style=\"width: 21.9481%;\"><\/td>\n<td style=\"width: 13.5065%;\"><\/td>\n<td style=\"width: 21.9481%;\"><\/td>\n<\/tr>\n<tr>\n<td style=\"width: 13.5065%;\"><a href=\"https:\/\/grundschuleimhofgarten.de\/wp-content\/uploads\/2019\/02\/mitarbeiter_anonym.png\" data-rel=\"penci-gallery-image-content\" ><img loading=\"lazy\" decoding=\"async\" class=\"alignnone size-thumbnail wp-image-1734\" src=\"https:\/\/grundschuleimhofgarten.de\/wp-content\/uploads\/2019\/02\/mitarbeiter_anonym-150x150.png\" alt=\"\" width=\"150\" height=\"150\" srcset=\"https:\/\/grundschuleimhofgarten.de\/wp-content\/uploads\/2019\/02\/mitarbeiter_anonym-150x150.png 150w, https:\/\/grundschuleimhofgarten.de\/wp-content\/uploads\/2019\/02\/mitarbeiter_anonym-300x300.png 300w, https:\/\/grundschuleimhofgarten.de\/wp-content\/uploads\/2019\/02\/mitarbeiter_anonym.png 510w\" sizes=\"auto, (max-width: 150px) 100vw, 150px\" \/><\/a><\/td>\n<td style=\"width: 18.4416%;\"><strong>Luna<\/strong><\/p>\n<p><em>Schulhund<\/em><\/td>\n<td style=\"width: 13.5065%;\"><a href=\"https:\/\/grundschuleimhofgarten.de\/wp-content\/uploads\/2019\/02\/mitarbeiter_anonym.png\" data-rel=\"penci-gallery-image-content\" ><img loading=\"lazy\" decoding=\"async\" class=\"alignnone size-thumbnail wp-image-1734\" src=\"https:\/\/grundschuleimhofgarten.de\/wp-content\/uploads\/2019\/02\/mitarbeiter_anonym-150x150.png\" alt=\"\" width=\"150\" height=\"150\" srcset=\"https:\/\/grundschuleimhofgarten.de\/wp-content\/uploads\/2019\/02\/mitarbeiter_anonym-150x150.png 150w, https:\/\/grundschuleimhofgarten.de\/wp-content\/uploads\/2019\/02\/mitarbeiter_anonym-300x300.png 300w, https:\/\/grundschuleimhofgarten.de\/wp-content\/uploads\/2019\/02\/mitarbeiter_anonym.png 510w\" sizes=\"auto, (max-width: 150px) 100vw, 150px\" \/><\/a><\/td>\n<td style=\"width: 21.9481%;\"><strong>Jonte<\/strong><\/p>\n<p><em>Schulhund<\/em><\/td>\n<td style=\"width: 13.5065%;\"><\/td>\n<td style=\"width: 21.9481%;\"><\/td>\n<\/tr>\n<tr>\n<td style=\"width: 13.5065%;\"><\/td>\n<td style=\"width: 18.4416%;\"><\/td>\n<td style=\"width: 13.5065%;\"><\/td>\n<td style=\"width: 21.9481%;\"><\/td>\n<td style=\"width: 13.5065%;\"><\/td>\n<td style=\"width: 21.9481%;\"><\/td>\n<\/tr>\n<\/tbody>\n<\/table><\/div>\n<div class=\"pcrstb-wrap\"><table style=\"height: 306px;\">\n<thead>\n<tr>\n<td style=\"background-color: #cee1ab;\" colspan=\"6\"><strong>Weitere Mitarbeiterinnen und Mitarbeiter<\/strong><\/td>\n<\/tr>\n<\/thead>\n<tbody>\n<tr style=\"height: 280px;\">\n<td style=\"height: 280px; width: 221.734375px; text-align: center;\"><a href=\"https:\/\/grundschuleimhofgarten.de\/wp-content\/uploads\/2019\/02\/mitarbeiter_anonym.png\" data-rel=\"penci-gallery-image-content\" ><img loading=\"lazy\" decoding=\"async\" class=\"alignnone size-thumbnail wp-image-1734\" src=\"https:\/\/grundschuleimhofgarten.de\/wp-content\/uploads\/2019\/02\/mitarbeiter_anonym-150x150.png\" alt=\"\" width=\"150\" height=\"150\" srcset=\"https:\/\/grundschuleimhofgarten.de\/wp-content\/uploads\/2019\/02\/mitarbeiter_anonym-150x150.png 150w, https:\/\/grundschuleimhofgarten.de\/wp-content\/uploads\/2019\/02\/mitarbeiter_anonym-300x300.png 300w, https:\/\/grundschuleimhofgarten.de\/wp-content\/uploads\/2019\/02\/mitarbeiter_anonym.png 510w\" sizes=\"auto, (max-width: 150px) 100vw, 150px\" \/><\/a><\/p>\n<p><strong>Frau Gerling<\/strong><\/p>\n<p><em>Sekretariat<\/em><\/td>\n<td style=\"height: 280px; width: 243.078125px; text-align: center;\"><a href=\"https:\/\/grundschuleimhofgarten.de\/wp-content\/uploads\/2019\/02\/mitarbeiter_anonym.png\" data-rel=\"penci-gallery-image-content\" ><img loading=\"lazy\" decoding=\"async\" class=\"alignnone size-thumbnail wp-image-1734\" src=\"https:\/\/grundschuleimhofgarten.de\/wp-content\/uploads\/2019\/02\/mitarbeiter_anonym-150x150.png\" alt=\"\" width=\"150\" height=\"150\" srcset=\"https:\/\/grundschuleimhofgarten.de\/wp-content\/uploads\/2019\/02\/mitarbeiter_anonym-150x150.png 150w, https:\/\/grundschuleimhofgarten.de\/wp-content\/uploads\/2019\/02\/mitarbeiter_anonym-300x300.png 300w, https:\/\/grundschuleimhofgarten.de\/wp-content\/uploads\/2019\/02\/mitarbeiter_anonym.png 510w\" sizes=\"auto, (max-width: 150px) 100vw, 150px\" \/><\/a><strong>\u00a0<\/strong><\/p>\n<p><strong>Herr Kroll<\/strong><\/p>\n<p><em>Verwaltung<\/em><\/td>\n<td style=\"height: 280px; width: 229.21875px; text-align: center;\"><a href=\"https:\/\/grundschuleimhofgarten.de\/wp-content\/uploads\/2019\/02\/mitarbeiter_anonym.png\" data-rel=\"penci-gallery-image-content\" ><img loading=\"lazy\" decoding=\"async\" class=\"alignnone size-thumbnail wp-image-1734\" src=\"https:\/\/grundschuleimhofgarten.de\/wp-content\/uploads\/2019\/02\/mitarbeiter_anonym-150x150.png\" alt=\"\" width=\"150\" height=\"150\" srcset=\"https:\/\/grundschuleimhofgarten.de\/wp-content\/uploads\/2019\/02\/mitarbeiter_anonym-150x150.png 150w, https:\/\/grundschuleimhofgarten.de\/wp-content\/uploads\/2019\/02\/mitarbeiter_anonym-300x300.png 300w, https:\/\/grundschuleimhofgarten.de\/wp-content\/uploads\/2019\/02\/mitarbeiter_anonym.png 510w\" sizes=\"auto, (max-width: 150px) 100vw, 150px\" \/><\/a><strong>\u00a0<\/strong><\/p>\n<p><strong>Herr Klum<\/strong><\/p>\n<p><em>Hausmeister<\/em><\/td>\n<\/tr>\n<\/tbody>\n<\/table><\/div>\n","protected":false},"excerpt":{"rendered":"<p>An unserer Schule sind jeweils eine Lehrerin bzw. ein Lehrer und eine Erzieherin bzw. ein Erzieher gemeinsam f\u00fcr die Lerngruppen verantwortlich. Unterst\u00fctzt wird ihre Arbeit durch weitere Lehrkr\u00e4fte, Sonderp\u00e4dagoginnen und&hellip;<\/p>\n","protected":false},"author":10,"featured_media":0,"parent":0,"menu_order":0,"comment_status":"closed","ping_status":"closed","template":"","meta":{"_lmt_disableupdate":"no","_lmt_disable":"","footnotes":""},"class_list":["post-478","page","type-page","status-publish","hentry"],"_links":{"self":[{"href":"https:\/\/grundschuleimhofgarten.de\/index.php?rest_route=\/wp\/v2\/pages\/478","targetHints":{"allow":["GET"]}}],"collection":[{"href":"https:\/\/grundschuleimhofgarten.de\/index.php?rest_route=\/wp\/v2\/pages"}],"about":[{"href":"https:\/\/grundschuleimhofgarten.de\/index.php?rest_route=\/wp\/v2\/types\/page"}],"author":[{"embeddable":true,"href":"https:\/\/grundschuleimhofgarten.de\/index.php?rest_route=\/wp\/v2\/users\/10"}],"replies":[{"embeddable":true,"href":"https:\/\/grundschuleimhofgarten.de\/index.php?rest_route=%2Fwp%2Fv2%2Fcomments&post=478"}],"version-history":[{"count":104,"href":"https:\/\/grundschuleimhofgarten.de\/index.php?rest_route=\/wp\/v2\/pages\/478\/revisions"}],"predecessor-version":[{"id":10383,"href":"https:\/\/grundschuleimhofgarten.de\/index.php?rest_route=\/wp\/v2\/pages\/478\/revisions\/10383"}],"wp:attachment":[{"href":"https:\/\/grundschuleimhofgarten.de\/index.php?rest_route=%2Fwp%2Fv2%2Fmedia&parent=478"}],"curies":[{"name":"wp","href":"https:\/\/api.w.org\/{rel}","templated":true}]}}