{"id":80,"date":"2017-11-06T18:47:25","date_gmt":"2017-11-06T17:47:25","guid":{"rendered":"http:\/\/grundschuleimhofgarten.de\/?page_id=80"},"modified":"2025-04-02T21:22:11","modified_gmt":"2025-04-02T19:22:11","slug":"schulprogramm","status":"publish","type":"page","link":"https:\/\/grundschuleimhofgarten.de\/?page_id=80","title":{"rendered":"Unser Programm"},"content":{"rendered":"<p style=\"text-align: justify;\">Nach Neugr\u00fcndung und Aufbau der Schule wurde im Jahr 2017 das erste <a href=\"https:\/\/grundschuleimhofgarten.de\/wp-content\/uploads\/2019\/02\/03g45_schulprogramm-2017.pdf\" target=\"_blank\" rel=\"noopener noreferrer\">Schulprogramm (PDF)<\/a> von der Schulkonferenz verabschiedet.<\/p>\n<p style=\"text-align: justify;\">Im <a href=\"https:\/\/grundschuleimhofgarten.de\/wp-content\/uploads\/2019\/02\/03g45_leitbild.pdf\" target=\"_blank\" rel=\"noopener noreferrer\">Leitbild (PDF)<\/a> der Schule dokumentiert das Kollegium die miteinander vereinbarten Grundlagen p\u00e4dagogischen Handelns. Darin stehen f\u00fcr uns die Individualit\u00e4t und Vielfalt unserer Sch\u00fclerinnen und Sch\u00fcler im Mittelpunkt. Als Team ist f\u00fcr uns ein wertebasiertes abgestimmtes Erziehungshandeln grundlegend.<\/p>\n<p style=\"text-align: justify;\">Ziele der Grundschule im Hofgarten sind<\/p>\n<ul style=\"text-align: justify;\">\n<li>individuelles, selbst\u00e4ndiges und eigenverantwortliches Lernen in Sinnzusammenh\u00e4ngen f\u00e4cher\u00fcbergreifend, projekt- und kompetenzorientiert zu f\u00f6rdern,<\/li>\n<li>Partizipation und demokratisches Handeln zu lernen und zu leben sowie<\/li>\n<li>ein Schulklima zu schaffen, in dem Vielfalt als Bereicherung angenommen wird.<\/li>\n<\/ul>\n<p style=\"text-align: justify;\">Auf dieser Grundlage hat die Grundschule im Hofgarten die Unterrichtsvorhaben im schulinternen Curriculum f\u00e4cher\u00fcbergreifend und projektorientiert beschrieben und dokumentiert.<br \/>\nSch\u00fclerinnen und Sch\u00fcler haben im Rahmen des in allen Klassen verbindlich stattfindenden Klassenrats und in regelm\u00e4\u00dfigen Sch\u00fclerversammlungen (der Klassensprecherinnen und Klassensprecher) die M\u00f6glichkeit, <a href=\"https:\/\/grundschuleimhofgarten.de\/?page_id=632\">Mitbestimmung<\/a> zu lernen und aktiv zu gestalten.<br \/>\nWir wollen Sch\u00fclerinnen und Sch\u00fclern mit unterschiedlichsten Voraussetzungen individuell angepasste Lernangebote unterbreiten. Dazu arbeiten wir fortlaufend an einem Konzept zur individuellen F\u00f6rderung. Dies schlie\u00dft sowohl die pr\u00e4ventive und sonderp\u00e4dagogische F\u00f6rderung als auch die gezielte F\u00f6rderung von Talenten und besonderen Begabungen mit ein.<\/p>\n<p style=\"text-align: justify;\">\n","protected":false},"excerpt":{"rendered":"<p>Nach Neugr\u00fcndung und Aufbau der Schule wurde im Jahr 2017 das erste Schulprogramm (PDF) von der Schulkonferenz verabschiedet. Im Leitbild (PDF) der Schule dokumentiert das Kollegium die miteinander vereinbarten Grundlagen&hellip;<\/p>\n","protected":false},"author":10,"featured_media":0,"parent":0,"menu_order":0,"comment_status":"closed","ping_status":"closed","template":"","meta":{"_lmt_disableupdate":"no","_lmt_disable":"","footnotes":""},"class_list":["post-80","page","type-page","status-publish","hentry"],"_links":{"self":[{"href":"https:\/\/grundschuleimhofgarten.de\/index.php?rest_route=\/wp\/v2\/pages\/80","targetHints":{"allow":["GET"]}}],"collection":[{"href":"https:\/\/grundschuleimhofgarten.de\/index.php?rest_route=\/wp\/v2\/pages"}],"about":[{"href":"https:\/\/grundschuleimhofgarten.de\/index.php?rest_route=\/wp\/v2\/types\/page"}],"author":[{"embeddable":true,"href":"https:\/\/grundschuleimhofgarten.de\/index.php?rest_route=\/wp\/v2\/users\/10"}],"replies":[{"embeddable":true,"href":"https:\/\/grundschuleimhofgarten.de\/index.php?rest_route=%2Fwp%2Fv2%2Fcomments&post=80"}],"version-history":[{"count":17,"href":"https:\/\/grundschuleimhofgarten.de\/index.php?rest_route=\/wp\/v2\/pages\/80\/revisions"}],"predecessor-version":[{"id":10184,"href":"https:\/\/grundschuleimhofgarten.de\/index.php?rest_route=\/wp\/v2\/pages\/80\/revisions\/10184"}],"wp:attachment":[{"href":"https:\/\/grundschuleimhofgarten.de\/index.php?rest_route=%2Fwp%2Fv2%2Fmedia&parent=80"}],"curies":[{"name":"wp","href":"https:\/\/api.w.org\/{rel}","templated":true}]}}